{"id":92,"date":"2020-01-14T19:09:26","date_gmt":"2020-01-14T18:09:26","guid":{"rendered":"https:\/\/parisavelo.fr\/?page_id=92"},"modified":"2025-03-20T12:17:55","modified_gmt":"2025-03-20T11:17:55","slug":"guided-tour-on-bike-paris-contrast","status":"publish","type":"page","link":"https:\/\/parisavelo.fr\/en\/visite-guidee-velo-paris-contrastes\/","title":{"rendered":"Paris contrast"},"content":{"rendered":"<p>[et_pb_section fb_built=\u00a0\u00bb1&Prime; _builder_version=\u00a0\u00bb4.16&Prime; custom_margin=\u00a0\u00bb90px||||false|false\u00a0\u00bb custom_padding=\u00a0\u00bb30px||10px||false|false\u00a0\u00bb custom_css_main_element=\u00a0\u00bbdisplay: flex;||flex-direction: column;\u00a0\u00bb border_width_bottom=\u00a0\u00bb1px\u00a0\u00bb border_color_bottom=\u00a0\u00bb#e5e5e5&Prime; saved_tabs=\u00a0\u00bball\u00a0\u00bb global_colors_info=\u00a0\u00bb{}\u00a0\u00bb][et_pb_row _builder_version=\u00a0\u00bb4.16&Prime; custom_margin=\u00a0\u00bb35px||0px||false|false\u00a0\u00bb custom_padding=\u00a0\u00bb||0px||false|false\u00a0\u00bb animation_style=\u00a0\u00bbzoom\u00a0\u00bb animation_intensity_zoom=\u00a0\u00bb5%\u00a0\u00bb global_colors_info=\u00a0\u00bb{}\u00a0\u00bb][et_pb_column type=\u00a0\u00bb4_4&Prime; _builder_version=\u00a0\u00bb4.16&Prime; global_colors_info=\u00a0\u00bb{}\u00a0\u00bb][et_pb_text _builder_version=\u00a0\u00bb4.16&Prime; text_font=\u00a0\u00bbOpen Sans|700||on|||||\u00a0\u00bb text_text_color=\u00a0\u00bb#bfbfbf\u00a0\u00bb text_font_size=\u00a0\u00bb12px\u00a0\u00bb text_letter_spacing=\u00a0\u00bb3px\u00a0\u00bb text_line_height=\u00a0\u00bb2em\u00a0\u00bb width=\u00a0\u00bb70%\u00a0\u00bb module_alignment=\u00a0\u00bbcenter\u00a0\u00bb custom_margin=\u00a0\u00bb0px||15px||false|false\u00a0\u00bb global_colors_info=\u00a0\u00bb{}\u00a0\u00bb]<\/p>\n<p style=\"text-align: center\">(Re)d\u00e9couvrir Paris<\/p>\n<p>[\/et_pb_text][et_pb_text _builder_version=\u00a0\u00bb4.16&Prime; header_font=\u00a0\u00bbLobster Two|700|||||||\u00a0\u00bb header_text_color=\u00a0\u00bb#82aa94&Prime; header_font_size=\u00a0\u00bb38px\u00a0\u00bb header_line_height=\u00a0\u00bb1.3em\u00a0\u00bb header_2_font=\u00a0\u00bbLobster Two|700|||||||\u00a0\u00bb header_2_font_size=\u00a0\u00bb36px\u00a0\u00bb header_2_line_height=\u00a0\u00bb1.3em\u00a0\u00bb global_colors_info=\u00a0\u00bb{}\u00a0\u00bb]<\/p>\n<h1 style=\"text-align: center\">Paris contrastes<\/h1>\n<p>[\/et_pb_text][et_pb_text module_class=\u00a0\u00bbcta\u00a0\u00bb _builder_version=\u00a0\u00bb4.27.4&Prime; text_text_color=\u00a0\u00bb#878787&Prime; text_font_size=\u00a0\u00bb14px\u00a0\u00bb text_line_height=\u00a0\u00bb2em\u00a0\u00bb width=\u00a0\u00bb90%\u00a0\u00bb module_alignment=\u00a0\u00bbcenter\u00a0\u00bb custom_margin=\u00a0\u00bb||10px||false|false\u00a0\u00bb global_colors_info=\u00a0\u00bb{}\u00a0\u00bb]<\/p>\n<p><strong><\/strong><\/p>\n<p><strong><\/strong><\/p>\n<p><strong>Paris Contrastes : entre nature et architecture moderne<\/strong><\/p>\n<p>D\u00e9couvrez un Paris m\u00e9connu et surprenant, o\u00f9 la nature s\u2019invite au c\u0153ur de la ville et o\u00f9 l\u2019architecture contemporaine c\u00f4toie des quartiers pleins de charme. Cette balade \u00e0 v\u00e9lo vous emm\u00e8ne loin du Paris des cartes postales, dans un itin\u00e9raire insolite o\u00f9 chaque coup de p\u00e9dale r\u00e9v\u00e8le une nouvelle facette de la capitale.<\/p>\n<p>En longeant les canaux paisibles, vous croiserez des bateaux amarr\u00e9s et des petites maisons pleines de caract\u00e8re, nich\u00e9es dans un \u00e9crin de verdure. Puis, le d\u00e9cor change : bienvenue \u00e0 la Cit\u00e9 de la Villette, un p\u00f4le architectural et culturel embl\u00e9matique du Paris moderne. La balade se poursuit avec des d\u00e9couvertes \u00e9tonnantes : la Mouza\u00efa et ses charmantes ruelles pav\u00e9es, la Coul\u00e9e Verte, v\u00e9ritable oasis urbaine suspendue, et enfin, une vue imprenable sur la ville depuis le belv\u00e9d\u00e8re de Belleville.<\/p>\n<p><strong>Pourquoi choisir cette visite ?<\/strong><br \/>\u2714\ufe0f Un itin\u00e9raire original, loin des circuits classiques<br \/>\u2714\ufe0f Une immersion dans des quartiers m\u00e9connus et pleins de surprises<br \/>\u2714\ufe0f Un parfait \u00e9quilibre entre nature et modernit\u00e9<\/p>\n<p>Explorez un Paris diff\u00e9rent, verdoyant et avant-gardiste, et laissez-vous surprendre par ses contrastes saisissants !<\/p>\n<p><strong>R\u00e9servez votre balade et partez \u00e0 la d\u00e9couverte d\u2019un Paris hors du commun !<\/strong><\/p>\n<p>[\/et_pb_text][\/et_pb_column][\/et_pb_row][\/et_pb_section][et_pb_section fb_built=\u00a0\u00bb1&Prime; module_id=\u00a0\u00bb#main\u00a0\u00bb _builder_version=\u00a0\u00bb4.16&Prime; background_enable_image=\u00a0\u00bboff\u00a0\u00bb background_size=\u00a0\u00bbcontain\u00a0\u00bb background_repeat=\u00a0\u00bbround\u00a0\u00bb custom_margin=\u00a0\u00bb-4px|||||\u00a0\u00bb custom_padding=\u00a0\u00bb50px||0px||false|false\u00a0\u00bb top_divider_height=\u00a0\u00bb150px\u00a0\u00bb bottom_divider_height=\u00a0\u00bb150px\u00a0\u00bb global_colors_info=\u00a0\u00bb{}\u00a0\u00bb][et_pb_row column_structure=\u00a0\u00bb1_2,1_2&Prime; use_custom_gutter=\u00a0\u00bbon\u00a0\u00bb gutter_width=\u00a0\u00bb2&Prime; _builder_version=\u00a0\u00bb4.16&Prime; custom_margin=\u00a0\u00bb||30px||false|false\u00a0\u00bb custom_padding=\u00a0\u00bb0px||0px|||\u00a0\u00bb global_colors_info=\u00a0\u00bb{}\u00a0\u00bb][et_pb_column type=\u00a0\u00bb1_2&Prime; _builder_version=\u00a0\u00bb4.16&Prime; global_colors_info=\u00a0\u00bb{}\u00a0\u00bb][et_pb_image src=\u00a0\u00bbhttps:\/\/parisavelo.fr\/wp-content\/uploads\/2025\/03\/Visite-canal-BR-scaled.jpg\u00a0\u00bb alt=\u00a0\u00bbGroupe scolaire visite guid\u00e9e \u00e0 v\u00e9lo paris contrastes\u00a0\u00bb title_text=\u00a0\u00bbVisite canal BR\u00a0\u00bb show_in_lightbox=\u00a0\u00bbon\u00a0\u00bb _builder_version=\u00a0\u00bb4.27.4&Prime; global_colors_info=\u00a0\u00bb{}\u00a0\u00bb transform_styles__hover_enabled=\u00a0\u00bbon|hover\u00a0\u00bb transform_scale__hover_enabled=\u00a0\u00bbon|hover\u00a0\u00bb transform_translate__hover_enabled=\u00a0\u00bbon|desktop\u00a0\u00bb transform_rotate__hover_enabled=\u00a0\u00bbon|desktop\u00a0\u00bb transform_skew__hover_enabled=\u00a0\u00bbon|desktop\u00a0\u00bb transform_origin__hover_enabled=\u00a0\u00bbon|desktop\u00a0\u00bb transform_scale__hover=\u00a0\u00bb103%|103%\u00a0\u00bb][\/et_pb_image][\/et_pb_column][et_pb_column type=\u00a0\u00bb1_2&Prime; _builder_version=\u00a0\u00bb4.16&Prime; global_colors_info=\u00a0\u00bb{}\u00a0\u00bb][et_pb_image src=\u00a0\u00bbhttps:\/\/parisavelo.fr\/wp-content\/uploads\/2025\/03\/canal-st-martin-sd-scaled.jpg\u00a0\u00bb alt=\u00a0\u00bbButtes Chaumont visite guid\u00e9e Paris contrastes \u00e0 v\u00e9lo\u00a0\u00bb title_text=\u00a0\u00bbcanal st martin sd\u00a0\u00bb show_in_lightbox=\u00a0\u00bbon\u00a0\u00bb _builder_version=\u00a0\u00bb4.27.4&Prime; global_colors_info=\u00a0\u00bb{}\u00a0\u00bb transform_styles__hover_enabled=\u00a0\u00bbon|hover\u00a0\u00bb transform_scale__hover_enabled=\u00a0\u00bbon|hover\u00a0\u00bb transform_translate__hover_enabled=\u00a0\u00bbon|desktop\u00a0\u00bb transform_rotate__hover_enabled=\u00a0\u00bbon|desktop\u00a0\u00bb transform_skew__hover_enabled=\u00a0\u00bbon|desktop\u00a0\u00bb transform_origin__hover_enabled=\u00a0\u00bbon|desktop\u00a0\u00bb transform_scale__hover=\u00a0\u00bb103%|103%\u00a0\u00bb][\/et_pb_image][\/et_pb_column][\/et_pb_row][et_pb_row column_structure=\u00a0\u00bb1_2,1_2&Prime; use_custom_gutter=\u00a0\u00bbon\u00a0\u00bb gutter_width=\u00a0\u00bb2&Prime; _builder_version=\u00a0\u00bb4.16&Prime; custom_padding=\u00a0\u00bb0px||0px|||\u00a0\u00bb global_colors_info=\u00a0\u00bb{}\u00a0\u00bb][et_pb_column type=\u00a0\u00bb1_2&Prime; _builder_version=\u00a0\u00bb4.16&Prime; global_colors_info=\u00a0\u00bb{}\u00a0\u00bb][et_pb_image src=\u00a0\u00bbhttps:\/\/parisavelo.fr\/wp-content\/uploads\/2025\/03\/IMG_20210916_120118_01-scaled.jpg\u00a0\u00bb alt=\u00a0\u00bbButtes Chaumont visite guid\u00e9e Paris contrastes \u00e0 v\u00e9lo\u00a0\u00bb title_text=\u00a0\u00bbIMG_20210916_120118_01&Prime; show_in_lightbox=\u00a0\u00bbon\u00a0\u00bb _builder_version=\u00a0\u00bb4.27.4&Prime; global_colors_info=\u00a0\u00bb{}\u00a0\u00bb transform_styles__hover_enabled=\u00a0\u00bbon|hover\u00a0\u00bb transform_scale__hover_enabled=\u00a0\u00bbon|hover\u00a0\u00bb transform_translate__hover_enabled=\u00a0\u00bbon|desktop\u00a0\u00bb transform_rotate__hover_enabled=\u00a0\u00bbon|desktop\u00a0\u00bb transform_skew__hover_enabled=\u00a0\u00bbon|desktop\u00a0\u00bb transform_origin__hover_enabled=\u00a0\u00bbon|desktop\u00a0\u00bb transform_scale__hover=\u00a0\u00bb103%|103%\u00a0\u00bb][\/et_pb_image][\/et_pb_column][et_pb_column type=\u00a0\u00bb1_2&Prime; _builder_version=\u00a0\u00bb4.16&Prime; global_colors_info=\u00a0\u00bb{}\u00a0\u00bb][et_pb_image src=\u00a0\u00bbhttps:\/\/parisavelo.fr\/wp-content\/uploads\/2025\/03\/IMG_20210916_102752-scaled.jpg\u00a0\u00bb alt=\u00a0\u00bbVisite guid\u00e9e \u00e0 V\u00e9lo &#8211; Paris contrastes &#8211; Canal Saint Martin\u00a0\u00bb title_text=\u00a0\u00bbIMG_20210916_102752&Prime; show_in_lightbox=\u00a0\u00bbon\u00a0\u00bb _builder_version=\u00a0\u00bb4.27.4&Prime; global_colors_info=\u00a0\u00bb{}\u00a0\u00bb transform_styles__hover_enabled=\u00a0\u00bbon|hover\u00a0\u00bb transform_scale__hover_enabled=\u00a0\u00bbon|hover\u00a0\u00bb transform_translate__hover_enabled=\u00a0\u00bbon|desktop\u00a0\u00bb transform_rotate__hover_enabled=\u00a0\u00bbon|desktop\u00a0\u00bb transform_skew__hover_enabled=\u00a0\u00bbon|desktop\u00a0\u00bb transform_origin__hover_enabled=\u00a0\u00bbon|desktop\u00a0\u00bb transform_scale__hover=\u00a0\u00bb103%|103%\u00a0\u00bb][\/et_pb_image][\/et_pb_column][\/et_pb_row][et_pb_row _builder_version=\u00a0\u00bb4.16&Prime; module_alignment=\u00a0\u00bbcenter\u00a0\u00bb custom_padding=\u00a0\u00bb||30px||false|false\u00a0\u00bb global_colors_info=\u00a0\u00bb{}\u00a0\u00bb][et_pb_column type=\u00a0\u00bb4_4&Prime; _builder_version=\u00a0\u00bb4.16&Prime; global_colors_info=\u00a0\u00bb{}\u00a0\u00bb][et_pb_blurb use_icon=\u00a0\u00bbon\u00a0\u00bb font_icon=\u00a0\u00bb&#xe01d;||divi||400&Prime; icon_color=\u00a0\u00bb#82aa94&Prime; icon_placement=\u00a0\u00bbleft\u00a0\u00bb image_icon_width=\u00a0\u00bb22px\u00a0\u00bb content_max_width=\u00a0\u00bb100%\u00a0\u00bb _builder_version=\u00a0\u00bb4.16&Prime; header_text_align=\u00a0\u00bbleft\u00a0\u00bb body_text_align=\u00a0\u00bbleft\u00a0\u00bb body_link_text_align=\u00a0\u00bbleft\u00a0\u00bb body_ul_text_align=\u00a0\u00bbleft\u00a0\u00bb body_ol_text_align=\u00a0\u00bbleft\u00a0\u00bb body_quote_text_align=\u00a0\u00bbleft\u00a0\u00bb custom_margin=\u00a0\u00bb4px||15px||false|false\u00a0\u00bb header_text_shadow_style=\u00a0\u00bbpreset3&Prime; icon_font_size=\u00a0\u00bb22px\u00a0\u00bb global_colors_info=\u00a0\u00bb{}\u00a0\u00bb]<\/p>\n<p>12\u00e8me, 19\u00e8me, 20\u00e8me arrondissements<\/p>\n<p>[\/et_pb_blurb][et_pb_blurb use_icon=\u00a0\u00bbon\u00a0\u00bb font_icon=\u00a0\u00bb&#xe0e1;||divi||400&Prime; icon_color=\u00a0\u00bb#82aa94&Prime; icon_placement=\u00a0\u00bbleft\u00a0\u00bb image_icon_width=\u00a0\u00bb22px\u00a0\u00bb content_max_width=\u00a0\u00bb100%\u00a0\u00bb _builder_version=\u00a0\u00bb4.16&Prime; header_text_align=\u00a0\u00bbleft\u00a0\u00bb body_text_align=\u00a0\u00bbleft\u00a0\u00bb body_link_text_align=\u00a0\u00bbleft\u00a0\u00bb body_ul_text_align=\u00a0\u00bbleft\u00a0\u00bb body_ol_text_align=\u00a0\u00bbleft\u00a0\u00bb body_quote_text_align=\u00a0\u00bbleft\u00a0\u00bb custom_margin=\u00a0\u00bb||15px||false|false\u00a0\u00bb header_text_shadow_style=\u00a0\u00bbpreset3&Prime; icon_font_size=\u00a0\u00bb22px\u00a0\u00bb global_colors_info=\u00a0\u00bb{}\u00a0\u00bb]<\/p>\n<p>Dur\u00e9e : 3h<\/p>\n<p>[\/et_pb_blurb][et_pb_blurb use_icon=\u00a0\u00bbon\u00a0\u00bb font_icon=\u00a0\u00bb&#x67;||divi||400&Prime; icon_color=\u00a0\u00bb#82aa94&Prime; icon_placement=\u00a0\u00bbleft\u00a0\u00bb image_icon_width=\u00a0\u00bb22px\u00a0\u00bb content_max_width=\u00a0\u00bb100%\u00a0\u00bb _builder_version=\u00a0\u00bb4.16&Prime; header_text_align=\u00a0\u00bbleft\u00a0\u00bb body_text_align=\u00a0\u00bbleft\u00a0\u00bb body_link_text_align=\u00a0\u00bbleft\u00a0\u00bb body_ul_text_align=\u00a0\u00bbleft\u00a0\u00bb body_ol_text_align=\u00a0\u00bbleft\u00a0\u00bb body_quote_text_align=\u00a0\u00bbleft\u00a0\u00bb custom_margin=\u00a0\u00bb||15px||false|false\u00a0\u00bb header_text_shadow_style=\u00a0\u00bbpreset3&Prime; icon_font_size=\u00a0\u00bb22px\u00a0\u00bb global_colors_info=\u00a0\u00bb{}\u00a0\u00bb]<\/p>\n<p>Difficult\u00e9 : moyenne<\/p>\n<p>[\/et_pb_blurb][\/et_pb_column][\/et_pb_row][\/et_pb_section][et_pb_section fb_built=\u00a0\u00bb1&Prime; module_id=\u00a0\u00bb#main\u00a0\u00bb _builder_version=\u00a0\u00bb4.16&Prime; background_enable_image=\u00a0\u00bboff\u00a0\u00bb background_size=\u00a0\u00bbcontain\u00a0\u00bb background_repeat=\u00a0\u00bbround\u00a0\u00bb custom_margin=\u00a0\u00bb||||false|false\u00a0\u00bb custom_padding=\u00a0\u00bb40px||||false|false\u00a0\u00bb top_divider_height=\u00a0\u00bb150px\u00a0\u00bb bottom_divider_height=\u00a0\u00bb150px\u00a0\u00bb global_colors_info=\u00a0\u00bb{}\u00a0\u00bb][et_pb_row _builder_version=\u00a0\u00bb4.16&Prime; custom_padding=\u00a0\u00bb0px||0px|||\u00a0\u00bb global_colors_info=\u00a0\u00bb{}\u00a0\u00bb][et_pb_column type=\u00a0\u00bb4_4&Prime; _builder_version=\u00a0\u00bb4.16&Prime; global_colors_info=\u00a0\u00bb{}\u00a0\u00bb][et_pb_text _builder_version=\u00a0\u00bb4.16&Prime; header_2_font=\u00a0\u00bbOswald|600||on|||||\u00a0\u00bb header_2_font_size=\u00a0\u00bb25px\u00a0\u00bb custom_margin=\u00a0\u00bb0px|0px||0px|false|true\u00a0\u00bb global_colors_info=\u00a0\u00bb{}\u00a0\u00bb]<\/p>\n<h2>Tarifs et r\u00e9servations<\/h2>\n<p>[\/et_pb_text][\/et_pb_column][\/et_pb_row][et_pb_row column_structure=\u00a0\u00bb1_3,1_3,1_3&Prime; use_custom_gutter=\u00a0\u00bbon\u00a0\u00bb gutter_width=\u00a0\u00bb2&Prime; _builder_version=\u00a0\u00bb4.16&Prime; custom_padding=\u00a0\u00bb0px||0px|||\u00a0\u00bb global_colors_info=\u00a0\u00bb{}\u00a0\u00bb][et_pb_column type=\u00a0\u00bb1_3&Prime; _builder_version=\u00a0\u00bb4.16&Prime; global_colors_info=\u00a0\u00bb{}\u00a0\u00bb][et_pb_text _builder_version=\u00a0\u00bb4.16&Prime; header_2_font=\u00a0\u00bbOswald|600||on|||||\u00a0\u00bb header_2_font_size=\u00a0\u00bb25px\u00a0\u00bb header_3_text_color=\u00a0\u00bb#777777&Prime; header_3_font_size=\u00a0\u00bb16px\u00a0\u00bb custom_margin=\u00a0\u00bb30px|0px|0px|0px|false|true\u00a0\u00bb global_colors_info=\u00a0\u00bb{}\u00a0\u00bb]<\/p>\n<h3>Visite privative<\/h3>\n<p>[\/et_pb_text][et_pb_code module_class=\u00a0\u00bbtable-visite\u00a0\u00bb _builder_version=\u00a0\u00bb4.16&Prime; custom_margin=\u00a0\u00bb0px||0px||true|false\u00a0\u00bb global_colors_info=\u00a0\u00bb{}\u00a0\u00bb]<\/p>\n<table class=\"class-a\"><!-- [et_pb_line_break_holder] -->\t<\/p>\n<thead><!-- [et_pb_line_break_holder] -->\t\t<\/p>\n<tr><!-- [et_pb_line_break_holder] -->      <\/p>\n<th><\/th>\n<p><!-- [et_pb_line_break_holder] -->\t\t\t<\/p>\n<th>Tarif<\/th>\n<p><!-- [et_pb_line_break_holder] -->\t\t<\/tr>\n<p>\t<!-- [et_pb_line_break_holder] -->\t<\/thead>\n<p>\t<!-- [et_pb_line_break_holder] -->\t<\/p>\n<tbody>\t<!-- [et_pb_line_break_holder] -->    <!-- [et_pb_line_break_holder] -->\t\t<\/p>\n<tr><!-- [et_pb_line_break_holder] -->\t\t\t<\/p>\n<td class=\"lbar\"><span class=\"info-1 lbar\">De 1 \u00e0 12 participants<\/span><\/td>\n<p><!-- [et_pb_line_break_holder] -->\t\t\t<\/p>\n<td class=\"price-per-person\"><span class=\"info-2\">444 \u20ac<\/span><\/td>\n<p><!-- [et_pb_line_break_holder] -->\t\t<\/tr>\n<p><!-- [et_pb_line_break_holder] --><!-- [et_pb_line_break_holder] -->\t<\/tbody>\n<p><!-- [et_pb_line_break_holder] --><\/table>\n<p>[\/et_pb_code][\/et_pb_column][et_pb_column type=\u00a0\u00bb1_3&Prime; _builder_version=\u00a0\u00bb4.16&Prime; global_colors_info=\u00a0\u00bb{}\u00a0\u00bb][et_pb_text _builder_version=\u00a0\u00bb4.16&Prime; header_2_font=\u00a0\u00bbOswald|600||on|||||\u00a0\u00bb header_2_font_size=\u00a0\u00bb25px\u00a0\u00bb header_3_text_color=\u00a0\u00bb#777777&Prime; header_3_font_size=\u00a0\u00bb16px\u00a0\u00bb custom_margin=\u00a0\u00bb30px|0px|0px|0px|false|true\u00a0\u00bb global_colors_info=\u00a0\u00bb{}\u00a0\u00bb]<\/p>\n<h3>Groupes<\/h3>\n<p>[\/et_pb_text][et_pb_code module_class=\u00a0\u00bbtable-visite\u00a0\u00bb _builder_version=\u00a0\u00bb4.16&Prime; custom_margin=\u00a0\u00bb0px||0px||true|false\u00a0\u00bb global_colors_info=\u00a0\u00bb{}\u00a0\u00bb]<\/p>\n<table class=\"class-a\"><!-- [et_pb_line_break_holder] -->\t<\/p>\n<thead><!-- [et_pb_line_break_holder] -->\t\t<\/p>\n<tr><!-- [et_pb_line_break_holder] -->      <\/p>\n<th><\/th>\n<p><!-- [et_pb_line_break_holder] -->\t\t\t<\/p>\n<th>Tarif<\/th>\n<p><!-- [et_pb_line_break_holder] -->\t\t<\/tr>\n<p>\t<!-- [et_pb_line_break_holder] -->\t<\/thead>\n<p>\t<!-- [et_pb_line_break_holder] -->\t<\/p>\n<tbody>\t<!-- [et_pb_line_break_holder] -->    <!-- [et_pb_line_break_holder] -->\t\t<\/p>\n<tr><!-- [et_pb_line_break_holder] -->\t\t\t<\/p>\n<td class=\"lbar\"><span class=\"info-1 lbar\">Minimum 12 participants<\/span><\/td>\n<p><!-- [et_pb_line_break_holder] -->\t\t\t<\/p>\n<td class=\"price-per-person\"><span class=\"info-2\">37 \u20ac\/pers.<\/span><\/td>\n<p><!-- [et_pb_line_break_holder] -->\t\t<\/tr>\n<p><!-- [et_pb_line_break_holder] --><!-- [et_pb_line_break_holder] -->\t<\/tbody>\n<p><!-- [et_pb_line_break_holder] --><\/table>\n<p>[\/et_pb_code][\/et_pb_column][et_pb_column type=\u00a0\u00bb1_3&Prime; _builder_version=\u00a0\u00bb4.16&Prime; global_colors_info=\u00a0\u00bb{}\u00a0\u00bb][et_pb_text _builder_version=\u00a0\u00bb4.16&Prime; header_2_font=\u00a0\u00bbOswald|600||on|||||\u00a0\u00bb header_2_font_size=\u00a0\u00bb25px\u00a0\u00bb header_3_text_color=\u00a0\u00bb#777777&Prime; header_3_font_size=\u00a0\u00bb16px\u00a0\u00bb custom_margin=\u00a0\u00bb30px|0px|0px|0px|false|true\u00a0\u00bb global_colors_info=\u00a0\u00bb{}\u00a0\u00bb]<\/p>\n<h3>Groupes scolaires<\/h3>\n<p>[\/et_pb_text][et_pb_code module_class=\u00a0\u00bbtable-visite\u00a0\u00bb _builder_version=\u00a0\u00bb4.16&Prime; custom_margin=\u00a0\u00bb0px||0px||true|false\u00a0\u00bb global_colors_info=\u00a0\u00bb{}\u00a0\u00bb]<\/p>\n<table class=\"class-a\"><!-- [et_pb_line_break_holder] -->\t<\/p>\n<thead><!-- [et_pb_line_break_holder] -->\t\t<\/p>\n<tr><!-- [et_pb_line_break_holder] -->      <\/p>\n<th><\/th>\n<p><!-- [et_pb_line_break_holder] -->\t\t\t<\/p>\n<th>Tarif<\/th>\n<p><!-- [et_pb_line_break_holder] -->\t\t<\/tr>\n<p>\t<!-- [et_pb_line_break_holder] -->\t<\/thead>\n<p>\t<!-- [et_pb_line_break_holder] -->\t<\/p>\n<tbody>\t<!-- [et_pb_line_break_holder] -->    <!-- [et_pb_line_break_holder] -->\t\t<\/p>\n<tr><!-- [et_pb_line_break_holder] -->\t\t\t<\/p>\n<td class=\"lbar\"><span class=\"info-1 lbar\">Minimum 12 participants<\/span><\/td>\n<p><!-- [et_pb_line_break_holder] -->\t\t\t<\/p>\n<td class=\"price-per-person\"><span class=\"info-2\">31 \u20ac\/pers.<\/span><\/td>\n<p><!-- [et_pb_line_break_holder] -->\t\t<\/tr>\n<p><!-- [et_pb_line_break_holder] --><!-- [et_pb_line_break_holder] -->\t<\/tbody>\n<p><!-- [et_pb_line_break_holder] --><\/table>\n<p>[\/et_pb_code][\/et_pb_column][\/et_pb_row][et_pb_row _builder_version=\u00a0\u00bb4.16&Prime; custom_padding=\u00a0\u00bb0px||0px|||\u00a0\u00bb global_colors_info=\u00a0\u00bb{}\u00a0\u00bb][et_pb_column type=\u00a0\u00bb4_4&Prime; _builder_version=\u00a0\u00bb4.16&Prime; global_colors_info=\u00a0\u00bb{}\u00a0\u00bb][et_pb_text _builder_version=\u00a0\u00bb4.16&Prime; text_font_size=\u00a0\u00bb13px\u00a0\u00bb header_3_font_size=\u00a0\u00bb16px\u00a0\u00bb global_colors_info=\u00a0\u00bb{}\u00a0\u00bb]<\/p>\n<p style=\"text-align: left;\"><em>Le prix comprend : le v\u00e9lo, la prestation du guide et l&rsquo;assurance.<br \/> Suppl\u00e9ment si\u00e8ge enfant (jusqu&rsquo;\u00e0 environ 4\/5 ans) : 10 \u20ac<br \/> Suppl\u00e9ment V\u00e9lo \u00e0 assistance \u00e9lectrique : 15 \u20ac<br \/> Enfants &#8211; de 12 ans : \u00e0 partir de 1,30\/35 m<br \/>Tarif \u00ab\u00a0groupe scolaire\u00a0\u00bb non applicable les weekends et jours f\u00e9ri\u00e9s<br \/> <\/em><\/p>\n<p>[\/et_pb_text][\/et_pb_column][\/et_pb_row][\/et_pb_section][et_pb_section fb_built=\u00a0\u00bb1&Prime; module_id=\u00a0\u00bb#main\u00a0\u00bb _builder_version=\u00a0\u00bb4.27.4&Prime; background_enable_image=\u00a0\u00bboff\u00a0\u00bb background_size=\u00a0\u00bbcontain\u00a0\u00bb background_repeat=\u00a0\u00bbround\u00a0\u00bb custom_margin=\u00a0\u00bb||||false|false\u00a0\u00bb custom_padding=\u00a0\u00bb30px||91px||false|false\u00a0\u00bb top_divider_height=\u00a0\u00bb150px\u00a0\u00bb bottom_divider_height=\u00a0\u00bb150px\u00a0\u00bb hover_enabled=\u00a0\u00bb0&Prime; global_colors_info=\u00a0\u00bb{}\u00a0\u00bb sticky_enabled=\u00a0\u00bb0&Prime;][et_pb_row _builder_version=\u00a0\u00bb4.16&Prime; custom_margin=\u00a0\u00bb|auto|-34px|auto||\u00a0\u00bb custom_padding=\u00a0\u00bb0px||0px|||\u00a0\u00bb global_colors_info=\u00a0\u00bb{}\u00a0\u00bb][et_pb_column type=\u00a0\u00bb4_4&Prime; _builder_version=\u00a0\u00bb4.16&Prime; global_colors_info=\u00a0\u00bb{}\u00a0\u00bb][et_pb_text _builder_version=\u00a0\u00bb4.16&Prime; header_2_font=\u00a0\u00bbOswald|600||on|||||\u00a0\u00bb header_2_font_size=\u00a0\u00bb25px\u00a0\u00bb header_2_line_height=\u00a0\u00bb1.6em\u00a0\u00bb custom_margin=\u00a0\u00bb0px|0px||0px|false|true\u00a0\u00bb global_colors_info=\u00a0\u00bb{}\u00a0\u00bb]<\/p>\n<h2>Informations importantes<\/h2>\n<p><strong>R\u00e9servation indispensable.<br \/> <\/strong><span>Visite en fran\u00e7ais ou en anglais. N\u00e9erlandais et allemand ou espagnol sur demande.<br \/> Les d\u00e9parts et retours des visites s\u2019effectuent au 22 rue Alphonse Baudin, Paris 11e (M\u00b0 Richard Lenoir ou Saint S\u00e9bastien Froissart).<\/span>\u00a0<\/p>\n<p>[\/et_pb_text][et_pb_text _builder_version=\u00a0\u00bb4.27.4&Prime; header_2_font=\u00a0\u00bbOswald|600||on|||||\u00a0\u00bb header_2_font_size=\u00a0\u00bb25px\u00a0\u00bb header_2_line_height=\u00a0\u00bb1.6em\u00a0\u00bb custom_margin=\u00a0\u00bb0px|0px||0px|false|true\u00a0\u00bb global_colors_info=\u00a0\u00bb{}\u00a0\u00bb]<\/p>\n<h2>r\u00e9servation visites privatives\/groupes<\/h2>\n<p><span>Pour toute r\u00e9servation <strong>moins de 10 jours<\/strong> avant la date de visite souhait\u00e9e, pour<strong> toute demande sp\u00e9cifique<\/strong>, ou pour les <strong>groupes de plus de 15 personnes<\/strong>, nous vous invitons \u00e0 nous contacter directement.<\/span><\/p>\n<p>[\/et_pb_text][et_pb_code _builder_version=\u00a0\u00bb4.27.4&Prime; global_colors_info=\u00a0\u00bb{}\u00a0\u00bb]<\/p>\n<div id=\"ConstellationCalendarContainer8c3fac60-90d7-40ed-9a4d-fde01cf21871\" style=\"width:100%; text-align:center;\" title=\"Paris \u00e0 V\u00e9lo\" data-id-projet='8c3fac6090d740ed9a4dfde01cf21871'>Chargement en cours&#8230;<\/div>\n<p><script type=\"text\/javascript\" src=\"https:\/\/reservation.elloha.com\/Scripts\/widget-loader.min.js?v=42\"><\/script><script type=\"text\/javascript\">var constellationWidgetUrl8c3fac6090d740ed9a4dfde01cf21871, constellationTypeModule8c3fac6090d740ed9a4dfde01cf21871; constellationWidgetUrl8c3fac6090d740ed9a4dfde01cf21871 = 'https:\/\/reservation.elloha.com\/Widget\/BookingCalendar\/8c3fac60-90d7-40ed-9a4d-fde01cf21871?idoi=0f860a57-8322-4c4a-b5c4-3845032111d8'; constellationTypeModule8c3fac6090d740ed9a4dfde01cf21871=2; constellationBookingCalendarLoad('ConstellationCalendarContainer8c3fac60-90d7-40ed-9a4d-fde01cf21871'); constellationWidgetAddEvent(window, \"resize\", function () { constellationWidgetSetAppearance('ConstellationCalendarContainer8c3fac60-90d7-40ed-9a4d-fde01cf21871'); });<\/script>[\/et_pb_code][\/et_pb_column][\/et_pb_row][\/et_pb_section][et_pb_section fb_built=\u00a0\u00bb1&Prime; _builder_version=\u00a0\u00bb4.16&Prime; custom_padding=\u00a0\u00bb0px||0px||true|false\u00a0\u00bb custom_css_main_element=\u00a0\u00bbdisplay: flex;||flex-direction: column;\u00a0\u00bb border_width_top=\u00a0\u00bb1px\u00a0\u00bb border_color_top=\u00a0\u00bb#e5e5e5&Prime; border_width_bottom=\u00a0\u00bb1px\u00a0\u00bb border_color_bottom=\u00a0\u00bb#e5e5e5&Prime; global_module=\u00a0\u00bb492&Prime; saved_tabs=\u00a0\u00bball\u00a0\u00bb global_colors_info=\u00a0\u00bb{}\u00a0\u00bb][et_pb_row _builder_version=\u00a0\u00bb4.16&Prime; _module_preset=\u00a0\u00bbdefault\u00a0\u00bb global_colors_info=\u00a0\u00bb{}\u00a0\u00bb][et_pb_column type=\u00a0\u00bb4_4&Prime; _builder_version=\u00a0\u00bb4.16&Prime; _module_preset=\u00a0\u00bbdefault\u00a0\u00bb global_colors_info=\u00a0\u00bb{}\u00a0\u00bb][et_pb_code admin_label=\u00a0\u00bbCode\u00a0\u00bb _builder_version=\u00a0\u00bb4.16&Prime; _module_preset=\u00a0\u00bbdefault\u00a0\u00bb global_colors_info=\u00a0\u00bb{}\u00a0\u00bb][\/et_pb_code][\/et_pb_column][\/et_pb_row][\/et_pb_section]<\/p>\n","protected":false},"excerpt":{"rendered":"<p>(Re)d\u00e9couvrir ParisParis contrastes Paris Contrastes : entre nature et architecture moderne D\u00e9couvrez un Paris m\u00e9connu et surprenant, o\u00f9 la nature s\u2019invite au c\u0153ur de la ville et o\u00f9 l\u2019architecture contemporaine c\u00f4toie des quartiers pleins de charme. Cette balade \u00e0 v\u00e9lo vous emm\u00e8ne loin du Paris des cartes postales, dans un itin\u00e9raire insolite o\u00f9 chaque coup [&hellip;]<\/p>\n","protected":false},"author":1,"featured_media":3439,"parent":0,"menu_order":0,"comment_status":"closed","ping_status":"closed","template":"","meta":{"_et_pb_use_builder":"on","_et_pb_old_content":"","_et_gb_content_width":"","_monsterinsights_skip_tracking":false,"_monsterinsights_sitenote_active":false,"_monsterinsights_sitenote_note":"","_monsterinsights_sitenote_category":0,"footnotes":""},"class_list":["post-92","page","type-page","status-publish","has-post-thumbnail","hentry"],"yoast_head":"<!-- This site is optimized with the Yoast SEO plugin v26.5 - https:\/\/yoast.com\/wordpress\/plugins\/seo\/ -->\n<title>Visite guid\u00e9e \u00e0 v\u00e9lo \u00e0 la d\u00e9couverte des contrastes de Paris | Paris \u00e0 V\u00e9lo<\/title>\n<meta name=\"description\" content=\"Visite guid\u00e9e \u00e0 v\u00e9lo \u00e0 la d\u00e9couverte des contrastes de Paris. Vous traverserez les12\u00e8me, 19\u00e8me, 20\u00e8me arrondissements, entre nature et architecture.\" \/>\n<meta name=\"robots\" content=\"index, follow, max-snippet:-1, max-image-preview:large, max-video-preview:-1\" \/>\n<link rel=\"canonical\" href=\"https:\/\/parisavelo.fr\/en\/guided-tour-on-bike-paris-contrast\/\" \/>\n<meta property=\"og:locale\" content=\"en_GB\" \/>\n<meta property=\"og:type\" content=\"article\" \/>\n<meta property=\"og:title\" content=\"Visite guid\u00e9e \u00e0 v\u00e9lo \u00e0 la d\u00e9couverte des contrastes de Paris | Paris \u00e0 V\u00e9lo\" \/>\n<meta property=\"og:description\" content=\"Visite guid\u00e9e \u00e0 v\u00e9lo \u00e0 la d\u00e9couverte des contrastes de Paris. Vous traverserez les12\u00e8me, 19\u00e8me, 20\u00e8me arrondissements, entre nature et architecture.\" \/>\n<meta property=\"og:url\" content=\"https:\/\/parisavelo.fr\/en\/guided-tour-on-bike-paris-contrast\/\" \/>\n<meta property=\"og:site_name\" content=\"Paris \u00e0 V\u00e9lo\" \/>\n<meta property=\"article:publisher\" content=\"https:\/\/www.facebook.com\/parisavelo\/\" \/>\n<meta property=\"article:modified_time\" content=\"2025-03-20T11:17:55+00:00\" \/>\n<meta property=\"og:image\" content=\"https:\/\/parisavelo.fr\/wp-content\/uploads\/2020\/02\/paris-velo-visite-victor-filtre-scaled.jpg\" \/>\n\t<meta property=\"og:image:width\" content=\"2560\" \/>\n\t<meta property=\"og:image:height\" content=\"1707\" \/>\n\t<meta property=\"og:image:type\" content=\"image\/jpeg\" \/>\n<meta name=\"twitter:card\" content=\"summary_large_image\" \/>\n<meta name=\"twitter:site\" content=\"@Parisvelosympa\" \/>\n<meta name=\"twitter:label1\" content=\"Estimated reading time\" \/>\n\t<meta name=\"twitter:data1\" content=\"3 minutes\" \/>\n<script type=\"application\/ld+json\" class=\"yoast-schema-graph\">{\"@context\":\"https:\/\/schema.org\",\"@graph\":[{\"@type\":\"WebPage\",\"@id\":\"https:\/\/parisavelo.fr\/visite-guidee-velo-paris-contrastes\/\",\"url\":\"https:\/\/parisavelo.fr\/visite-guidee-velo-paris-contrastes\/\",\"name\":\"Visite guid\u00e9e \u00e0 v\u00e9lo \u00e0 la d\u00e9couverte des contrastes de Paris | Paris \u00e0 V\u00e9lo\",\"isPartOf\":{\"@id\":\"https:\/\/parisavelo.fr\/#website\"},\"primaryImageOfPage\":{\"@id\":\"https:\/\/parisavelo.fr\/visite-guidee-velo-paris-contrastes\/#primaryimage\"},\"image\":{\"@id\":\"https:\/\/parisavelo.fr\/visite-guidee-velo-paris-contrastes\/#primaryimage\"},\"thumbnailUrl\":\"https:\/\/parisavelo.fr\/wp-content\/uploads\/2025\/03\/Visite-canal-BR-scaled.jpg\",\"datePublished\":\"2020-01-14T18:09:26+00:00\",\"dateModified\":\"2025-03-20T11:17:55+00:00\",\"description\":\"Visite guid\u00e9e \u00e0 v\u00e9lo \u00e0 la d\u00e9couverte des contrastes de Paris. Vous traverserez les12\u00e8me, 19\u00e8me, 20\u00e8me arrondissements, entre nature et architecture.\",\"breadcrumb\":{\"@id\":\"https:\/\/parisavelo.fr\/visite-guidee-velo-paris-contrastes\/#breadcrumb\"},\"inLanguage\":\"en-GB\",\"potentialAction\":[{\"@type\":\"ReadAction\",\"target\":[\"https:\/\/parisavelo.fr\/visite-guidee-velo-paris-contrastes\/\"]}]},{\"@type\":\"ImageObject\",\"inLanguage\":\"en-GB\",\"@id\":\"https:\/\/parisavelo.fr\/visite-guidee-velo-paris-contrastes\/#primaryimage\",\"url\":\"https:\/\/parisavelo.fr\/wp-content\/uploads\/2025\/03\/Visite-canal-BR-scaled.jpg\",\"contentUrl\":\"https:\/\/parisavelo.fr\/wp-content\/uploads\/2025\/03\/Visite-canal-BR-scaled.jpg\",\"width\":2560,\"height\":1707,\"caption\":\"Visite guid\u00e9e \u00e0 v\u00e9lo groupe scolaire bassin de la Villette Paris contrastes\"},{\"@type\":\"BreadcrumbList\",\"@id\":\"https:\/\/parisavelo.fr\/visite-guidee-velo-paris-contrastes\/#breadcrumb\",\"itemListElement\":[{\"@type\":\"ListItem\",\"position\":1,\"name\":\"Home\",\"item\":\"https:\/\/parisavelo.fr\/\"},{\"@type\":\"ListItem\",\"position\":2,\"name\":\"Paris Contrastes\"}]},{\"@type\":\"WebSite\",\"@id\":\"https:\/\/parisavelo.fr\/#website\",\"url\":\"https:\/\/parisavelo.fr\/\",\"name\":\"Paris \u00e0 V\u00e9lo\",\"description\":\"Le v\u00e9lo \u00e0 Paris, la libert\u00e9\",\"publisher\":{\"@id\":\"https:\/\/parisavelo.fr\/#organization\"},\"potentialAction\":[{\"@type\":\"SearchAction\",\"target\":{\"@type\":\"EntryPoint\",\"urlTemplate\":\"https:\/\/parisavelo.fr\/?s={search_term_string}\"},\"query-input\":{\"@type\":\"PropertyValueSpecification\",\"valueRequired\":true,\"valueName\":\"search_term_string\"}}],\"inLanguage\":\"en-GB\"},{\"@type\":\"Organization\",\"@id\":\"https:\/\/parisavelo.fr\/#organization\",\"name\":\"Paris \u00e0 V\u00e9lo\",\"url\":\"https:\/\/parisavelo.fr\/\",\"logo\":{\"@type\":\"ImageObject\",\"inLanguage\":\"en-GB\",\"@id\":\"https:\/\/parisavelo.fr\/#\/schema\/logo\/image\/\",\"url\":\"https:\/\/parisavelo.fr\/wp-content\/uploads\/2020\/03\/ParisAvelo-logo9-decli-01.png\",\"contentUrl\":\"https:\/\/parisavelo.fr\/wp-content\/uploads\/2020\/03\/ParisAvelo-logo9-decli-01.png\",\"width\":1064,\"height\":1064,\"caption\":\"Paris \u00e0 V\u00e9lo\"},\"image\":{\"@id\":\"https:\/\/parisavelo.fr\/#\/schema\/logo\/image\/\"},\"sameAs\":[\"https:\/\/www.facebook.com\/parisavelo\/\",\"https:\/\/x.com\/Parisvelosympa\",\"https:\/\/www.instagram.com\/parisavelo_officiel\",\"https:\/\/www.linkedin.com\/company\/parisavelo\/\",\"https:\/\/www.pinterest.fr\/parisavelo\/\",\"https:\/\/www.youtube.com\/channel\/UCO5cKd2Zqyl2N8ptTHYAODw\"]}]}<\/script>\n<!-- \/ Yoast SEO plugin. -->","yoast_head_json":{"title":"Guided bike tour to discover the contrasts of Paris | Paris \u00e0 V\u00e9lo","description":"A guided bike tour to discover the contrasts of Paris. You'll cycle through the 12th, 19th and 20th arrondissements, between nature and architecture.","robots":{"index":"index","follow":"follow","max-snippet":"max-snippet:-1","max-image-preview":"max-image-preview:large","max-video-preview":"max-video-preview:-1"},"canonical":"https:\/\/parisavelo.fr\/en\/guided-tour-on-bike-paris-contrast\/","og_locale":"en_GB","og_type":"article","og_title":"Visite guid\u00e9e \u00e0 v\u00e9lo \u00e0 la d\u00e9couverte des contrastes de Paris | Paris \u00e0 V\u00e9lo","og_description":"Visite guid\u00e9e \u00e0 v\u00e9lo \u00e0 la d\u00e9couverte des contrastes de Paris. Vous traverserez les12\u00e8me, 19\u00e8me, 20\u00e8me arrondissements, entre nature et architecture.","og_url":"https:\/\/parisavelo.fr\/en\/guided-tour-on-bike-paris-contrast\/","og_site_name":"Paris \u00e0 V\u00e9lo","article_publisher":"https:\/\/www.facebook.com\/parisavelo\/","article_modified_time":"2025-03-20T11:17:55+00:00","og_image":[{"width":2560,"height":1707,"url":"https:\/\/parisavelo.fr\/wp-content\/uploads\/2020\/02\/paris-velo-visite-victor-filtre-scaled.jpg","type":"image\/jpeg"}],"twitter_card":"summary_large_image","twitter_site":"@Parisvelosympa","twitter_misc":{"Estimated reading time":"3 minutes"},"schema":{"@context":"https:\/\/schema.org","@graph":[{"@type":"WebPage","@id":"https:\/\/parisavelo.fr\/visite-guidee-velo-paris-contrastes\/","url":"https:\/\/parisavelo.fr\/visite-guidee-velo-paris-contrastes\/","name":"Guided bike tour to discover the contrasts of Paris | Paris \u00e0 V\u00e9lo","isPartOf":{"@id":"https:\/\/parisavelo.fr\/#website"},"primaryImageOfPage":{"@id":"https:\/\/parisavelo.fr\/visite-guidee-velo-paris-contrastes\/#primaryimage"},"image":{"@id":"https:\/\/parisavelo.fr\/visite-guidee-velo-paris-contrastes\/#primaryimage"},"thumbnailUrl":"https:\/\/parisavelo.fr\/wp-content\/uploads\/2025\/03\/Visite-canal-BR-scaled.jpg","datePublished":"2020-01-14T18:09:26+00:00","dateModified":"2025-03-20T11:17:55+00:00","description":"A guided bike tour to discover the contrasts of Paris. You'll cycle through the 12th, 19th and 20th arrondissements, between nature and architecture.","breadcrumb":{"@id":"https:\/\/parisavelo.fr\/visite-guidee-velo-paris-contrastes\/#breadcrumb"},"inLanguage":"en-GB","potentialAction":[{"@type":"ReadAction","target":["https:\/\/parisavelo.fr\/visite-guidee-velo-paris-contrastes\/"]}]},{"@type":"ImageObject","inLanguage":"en-GB","@id":"https:\/\/parisavelo.fr\/visite-guidee-velo-paris-contrastes\/#primaryimage","url":"https:\/\/parisavelo.fr\/wp-content\/uploads\/2025\/03\/Visite-canal-BR-scaled.jpg","contentUrl":"https:\/\/parisavelo.fr\/wp-content\/uploads\/2025\/03\/Visite-canal-BR-scaled.jpg","width":2560,"height":1707,"caption":"Visite guid\u00e9e \u00e0 v\u00e9lo groupe scolaire bassin de la Villette Paris contrastes"},{"@type":"BreadcrumbList","@id":"https:\/\/parisavelo.fr\/visite-guidee-velo-paris-contrastes\/#breadcrumb","itemListElement":[{"@type":"ListItem","position":1,"name":"Home","item":"https:\/\/parisavelo.fr\/"},{"@type":"ListItem","position":2,"name":"Paris Contrastes"}]},{"@type":"WebSite","@id":"https:\/\/parisavelo.fr\/#website","url":"https:\/\/parisavelo.fr\/","name":"Paris \u00e0 V\u00e9lo","description":"The freedom of cycling in Paris","publisher":{"@id":"https:\/\/parisavelo.fr\/#organization"},"potentialAction":[{"@type":"SearchAction","target":{"@type":"EntryPoint","urlTemplate":"https:\/\/parisavelo.fr\/?s={search_term_string}"},"query-input":{"@type":"PropertyValueSpecification","valueRequired":true,"valueName":"search_term_string"}}],"inLanguage":"en-GB"},{"@type":"Organization","@id":"https:\/\/parisavelo.fr\/#organization","name":"Paris \u00e0 V\u00e9lo","url":"https:\/\/parisavelo.fr\/","logo":{"@type":"ImageObject","inLanguage":"en-GB","@id":"https:\/\/parisavelo.fr\/#\/schema\/logo\/image\/","url":"https:\/\/parisavelo.fr\/wp-content\/uploads\/2020\/03\/ParisAvelo-logo9-decli-01.png","contentUrl":"https:\/\/parisavelo.fr\/wp-content\/uploads\/2020\/03\/ParisAvelo-logo9-decli-01.png","width":1064,"height":1064,"caption":"Paris \u00e0 V\u00e9lo"},"image":{"@id":"https:\/\/parisavelo.fr\/#\/schema\/logo\/image\/"},"sameAs":["https:\/\/www.facebook.com\/parisavelo\/","https:\/\/x.com\/Parisvelosympa","https:\/\/www.instagram.com\/parisavelo_officiel","https:\/\/www.linkedin.com\/company\/parisavelo\/","https:\/\/www.pinterest.fr\/parisavelo\/","https:\/\/www.youtube.com\/channel\/UCO5cKd2Zqyl2N8ptTHYAODw"]}]}},"_links":{"self":[{"href":"https:\/\/parisavelo.fr\/en\/wp-json\/wp\/v2\/pages\/92","targetHints":{"allow":["GET"]}}],"collection":[{"href":"https:\/\/parisavelo.fr\/en\/wp-json\/wp\/v2\/pages"}],"about":[{"href":"https:\/\/parisavelo.fr\/en\/wp-json\/wp\/v2\/types\/page"}],"author":[{"embeddable":true,"href":"https:\/\/parisavelo.fr\/en\/wp-json\/wp\/v2\/users\/1"}],"replies":[{"embeddable":true,"href":"https:\/\/parisavelo.fr\/en\/wp-json\/wp\/v2\/comments?post=92"}],"version-history":[{"count":73,"href":"https:\/\/parisavelo.fr\/en\/wp-json\/wp\/v2\/pages\/92\/revisions"}],"predecessor-version":[{"id":3487,"href":"https:\/\/parisavelo.fr\/en\/wp-json\/wp\/v2\/pages\/92\/revisions\/3487"}],"wp:featuredmedia":[{"embeddable":true,"href":"https:\/\/parisavelo.fr\/en\/wp-json\/wp\/v2\/media\/3439"}],"wp:attachment":[{"href":"https:\/\/parisavelo.fr\/en\/wp-json\/wp\/v2\/media?parent=92"}],"curies":[{"name":"wp","href":"https:\/\/api.w.org\/{rel}","templated":true}]}}