{"id":1482,"date":"2020-02-13T16:18:51","date_gmt":"2020-02-13T15:18:51","guid":{"rendered":"https:\/\/parisavelo.fr\/?page_id=1482"},"modified":"2025-03-20T12:52:48","modified_gmt":"2025-03-20T11:52:48","slug":"guided-tour-on-bike-mythical-paris","status":"publish","type":"page","link":"https:\/\/parisavelo.fr\/en\/visite-guidee-velo-paris-mythique\/","title":{"rendered":"Mythical Paris"},"content":{"rendered":"<p>[et_pb_section fb_built=\u00a0\u00bb1&Prime; _builder_version=\u00a0\u00bb4.16&Prime; custom_margin=\u00a0\u00bb90px||||false|false\u00a0\u00bb custom_padding=\u00a0\u00bb30px||10px||false|false\u00a0\u00bb custom_css_main_element=\u00a0\u00bbdisplay: flex;||flex-direction: column;\u00a0\u00bb border_width_bottom=\u00a0\u00bb1px\u00a0\u00bb border_color_bottom=\u00a0\u00bb#e5e5e5&Prime; saved_tabs=\u00a0\u00bball\u00a0\u00bb global_colors_info=\u00a0\u00bb{}\u00a0\u00bb][et_pb_row _builder_version=\u00a0\u00bb4.16&Prime; custom_margin=\u00a0\u00bb35px||0px||false|false\u00a0\u00bb custom_padding=\u00a0\u00bb||0px||false|false\u00a0\u00bb animation_style=\u00a0\u00bbzoom\u00a0\u00bb animation_intensity_zoom=\u00a0\u00bb5%\u00a0\u00bb global_colors_info=\u00a0\u00bb{}\u00a0\u00bb][et_pb_column type=\u00a0\u00bb4_4&Prime; _builder_version=\u00a0\u00bb4.16&Prime; global_colors_info=\u00a0\u00bb{}\u00a0\u00bb][et_pb_text _builder_version=\u00a0\u00bb4.16&Prime; text_font=\u00a0\u00bbOpen Sans|700||on|||||\u00a0\u00bb text_text_color=\u00a0\u00bb#bfbfbf\u00a0\u00bb text_font_size=\u00a0\u00bb12px\u00a0\u00bb text_letter_spacing=\u00a0\u00bb3px\u00a0\u00bb text_line_height=\u00a0\u00bb2em\u00a0\u00bb width=\u00a0\u00bb70%\u00a0\u00bb module_alignment=\u00a0\u00bbcenter\u00a0\u00bb custom_margin=\u00a0\u00bb0px||15px||false|false\u00a0\u00bb global_colors_info=\u00a0\u00bb{}\u00a0\u00bb]<\/p>\n<p style=\"text-align: center\">(Re)d\u00e9couvrir Paris<\/p>\n<p>[\/et_pb_text][et_pb_text _builder_version=\u00a0\u00bb4.16&Prime; header_font=\u00a0\u00bbLobster Two|700|||||||\u00a0\u00bb header_text_color=\u00a0\u00bb#82aa94&Prime; header_font_size=\u00a0\u00bb38px\u00a0\u00bb header_line_height=\u00a0\u00bb1.3em\u00a0\u00bb header_2_font=\u00a0\u00bbLobster Two|700|||||||\u00a0\u00bb header_2_font_size=\u00a0\u00bb36px\u00a0\u00bb header_2_line_height=\u00a0\u00bb1.3em\u00a0\u00bb global_colors_info=\u00a0\u00bb{}\u00a0\u00bb]<\/p>\n<h1 style=\"text-align: center\">Paris mythique<\/h1>\n<p>[\/et_pb_text][et_pb_text module_class=\u00a0\u00bbcta\u00a0\u00bb _builder_version=\u00a0\u00bb4.27.4&Prime; text_text_color=\u00a0\u00bb#878787&Prime; text_font_size=\u00a0\u00bb14px\u00a0\u00bb text_line_height=\u00a0\u00bb2em\u00a0\u00bb width=\u00a0\u00bb90%\u00a0\u00bb module_alignment=\u00a0\u00bbcenter\u00a0\u00bb custom_margin=\u00a0\u00bb||10px||false|false\u00a0\u00bb custom_padding=\u00a0\u00bb37px|0px|37px|0px|true|true\u00a0\u00bb global_colors_info=\u00a0\u00bb{}\u00a0\u00bb]<\/p>\n<p><strong>Paris Mythique : roulez au c\u0153ur de la l\u00e9gende<\/strong><\/p>\n<p style=\"text-align: justify;\">D\u00e9couvrez le Paris des cartes postales\u2026 en version immersive ! Cette balade \u00e0 v\u00e9lo vous emm\u00e8ne sur les traces des monuments les plus c\u00e9l\u00e8bres de la capitale, l\u00e0 o\u00f9 chaque rue raconte une histoire, chaque place a vu d\u00e9filer les si\u00e8cles et chaque panorama m\u00e9rite une photo inoubliable.<\/p>\n<p style=\"text-align: justify;\">De l\u2019\u00e9l\u00e9gante Tour Eiffel au majestueux mus\u00e9e du Louvre, en passant par les l\u00e9gendaires Champs-\u00c9lys\u00e9es, l\u2019impressionnante place de la Concorde et les sublimes quais de Seine, cette visite vous plonge dans l\u2019\u00e2me grandiose de Paris. Mais au-del\u00e0 des fa\u00e7ades iconiques, nous vous d\u00e9voilerons les anecdotes, les secrets et les petites histoires qui rendent ces lieux encore plus fascinants.<\/p>\n<p style=\"text-align: justify;\"><strong>Pourquoi choisir cette visite ?<\/strong><\/p>\n<p style=\"text-align: justify;\">\u2714\ufe0f Un concentr\u00e9 des plus grands monuments de Paris en une balade fluide et agr\u00e9able<br \/>\u2714\ufe0f Des r\u00e9cits captivants qui donnent vie aux lieux les plus mythiques<br \/>\u2714\ufe0f Une exp\u00e9rience unique : voir Paris d\u00e9filer sous vos roues, tel un film en mouvement<\/p>\n<p style=\"text-align: justify;\">Ressentez la grandeur de la Ville Lumi\u00e8re, laissez-vous porter par son histoire et vivez Paris comme jamais auparavant\u2026 \u00e0 v\u00e9lo !<\/p>\n<p style=\"text-align: justify;\"><strong>R\u00e9servez votre aventure et p\u00e9dalez au c\u0153ur du mythe !<\/strong><\/p>\n<p>[\/et_pb_text][\/et_pb_column][\/et_pb_row][\/et_pb_section][et_pb_section fb_built=\u00a0\u00bb1&Prime; module_id=\u00a0\u00bb#main\u00a0\u00bb _builder_version=\u00a0\u00bb4.16&Prime; background_enable_image=\u00a0\u00bboff\u00a0\u00bb background_size=\u00a0\u00bbcontain\u00a0\u00bb background_repeat=\u00a0\u00bbround\u00a0\u00bb custom_margin=\u00a0\u00bb-4px|||||\u00a0\u00bb custom_padding=\u00a0\u00bb50px||0px||false|false\u00a0\u00bb top_divider_height=\u00a0\u00bb150px\u00a0\u00bb bottom_divider_height=\u00a0\u00bb150px\u00a0\u00bb global_colors_info=\u00a0\u00bb{}\u00a0\u00bb][et_pb_row column_structure=\u00a0\u00bb1_2,1_2&Prime; use_custom_gutter=\u00a0\u00bbon\u00a0\u00bb gutter_width=\u00a0\u00bb2&Prime; _builder_version=\u00a0\u00bb4.16&Prime; custom_margin=\u00a0\u00bb||30px||false|false\u00a0\u00bb custom_padding=\u00a0\u00bb0px||0px|||\u00a0\u00bb global_colors_info=\u00a0\u00bb{}\u00a0\u00bb][et_pb_column type=\u00a0\u00bb1_2&Prime; _builder_version=\u00a0\u00bb4.16&Prime; global_colors_info=\u00a0\u00bb{}\u00a0\u00bb][et_pb_image src=\u00a0\u00bbhttps:\/\/parisavelo.fr\/wp-content\/uploads\/2020\/02\/tableau-steam-2-scaled.jpg\u00a0\u00bb show_in_lightbox=\u00a0\u00bbon\u00a0\u00bb _builder_version=\u00a0\u00bb4.16&Prime; global_colors_info=\u00a0\u00bb{}\u00a0\u00bb transform_styles__hover_enabled=\u00a0\u00bbon|hover\u00a0\u00bb transform_scale__hover_enabled=\u00a0\u00bbon|hover\u00a0\u00bb transform_translate__hover_enabled=\u00a0\u00bbon|desktop\u00a0\u00bb transform_rotate__hover_enabled=\u00a0\u00bbon|desktop\u00a0\u00bb transform_skew__hover_enabled=\u00a0\u00bbon|desktop\u00a0\u00bb transform_origin__hover_enabled=\u00a0\u00bbon|desktop\u00a0\u00bb transform_scale__hover=\u00a0\u00bb103%|103%\u00a0\u00bb][\/et_pb_image][\/et_pb_column][et_pb_column type=\u00a0\u00bb1_2&Prime; _builder_version=\u00a0\u00bb4.16&Prime; global_colors_info=\u00a0\u00bb{}\u00a0\u00bb][et_pb_image src=\u00a0\u00bbhttps:\/\/parisavelo.fr\/wp-content\/uploads\/2020\/02\/A3-4-scaled.jpg\u00a0\u00bb show_in_lightbox=\u00a0\u00bbon\u00a0\u00bb _builder_version=\u00a0\u00bb4.16&Prime; global_colors_info=\u00a0\u00bb{}\u00a0\u00bb transform_styles__hover_enabled=\u00a0\u00bbon|hover\u00a0\u00bb transform_scale__hover_enabled=\u00a0\u00bbon|hover\u00a0\u00bb transform_translate__hover_enabled=\u00a0\u00bbon|desktop\u00a0\u00bb transform_rotate__hover_enabled=\u00a0\u00bbon|desktop\u00a0\u00bb transform_skew__hover_enabled=\u00a0\u00bbon|desktop\u00a0\u00bb transform_origin__hover_enabled=\u00a0\u00bbon|desktop\u00a0\u00bb transform_scale__hover=\u00a0\u00bb103%|103%\u00a0\u00bb][\/et_pb_image][\/et_pb_column][\/et_pb_row][et_pb_row column_structure=\u00a0\u00bb1_2,1_2&Prime; use_custom_gutter=\u00a0\u00bbon\u00a0\u00bb gutter_width=\u00a0\u00bb2&Prime; _builder_version=\u00a0\u00bb4.16&Prime; custom_padding=\u00a0\u00bb0px||0px|||\u00a0\u00bb global_colors_info=\u00a0\u00bb{}\u00a0\u00bb][et_pb_column type=\u00a0\u00bb1_2&Prime; _builder_version=\u00a0\u00bb4.16&Prime; global_colors_info=\u00a0\u00bb{}\u00a0\u00bb][et_pb_image src=\u00a0\u00bbhttps:\/\/parisavelo.fr\/wp-content\/uploads\/2020\/02\/Notre-Dame3-scaled.jpg\u00a0\u00bb show_in_lightbox=\u00a0\u00bbon\u00a0\u00bb _builder_version=\u00a0\u00bb4.16&Prime; global_colors_info=\u00a0\u00bb{}\u00a0\u00bb transform_styles__hover_enabled=\u00a0\u00bbon|hover\u00a0\u00bb transform_scale__hover_enabled=\u00a0\u00bbon|hover\u00a0\u00bb transform_translate__hover_enabled=\u00a0\u00bbon|desktop\u00a0\u00bb transform_rotate__hover_enabled=\u00a0\u00bbon|desktop\u00a0\u00bb transform_skew__hover_enabled=\u00a0\u00bbon|desktop\u00a0\u00bb transform_origin__hover_enabled=\u00a0\u00bbon|desktop\u00a0\u00bb transform_scale__hover=\u00a0\u00bb103%|103%\u00a0\u00bb][\/et_pb_image][\/et_pb_column][et_pb_column type=\u00a0\u00bb1_2&Prime; _builder_version=\u00a0\u00bb4.16&Prime; global_colors_info=\u00a0\u00bb{}\u00a0\u00bb][et_pb_image src=\u00a0\u00bbhttps:\/\/parisavelo.fr\/wp-content\/uploads\/2025\/03\/Paris-myth_SF_072020-61-scaled.jpg\u00a0\u00bb alt=\u00a0\u00bbVisite guid\u00e9e v\u00e9lo groupe privatif quais de Seine\u00a0\u00bb title_text=\u00a0\u00bbParis myth_SF_072020 (61)\u00a0\u00bb show_in_lightbox=\u00a0\u00bbon\u00a0\u00bb _builder_version=\u00a0\u00bb4.27.4&Prime; global_colors_info=\u00a0\u00bb{}\u00a0\u00bb transform_styles__hover_enabled=\u00a0\u00bbon|hover\u00a0\u00bb transform_scale__hover_enabled=\u00a0\u00bbon|hover\u00a0\u00bb transform_translate__hover_enabled=\u00a0\u00bbon|desktop\u00a0\u00bb transform_rotate__hover_enabled=\u00a0\u00bbon|desktop\u00a0\u00bb transform_skew__hover_enabled=\u00a0\u00bbon|desktop\u00a0\u00bb transform_origin__hover_enabled=\u00a0\u00bbon|desktop\u00a0\u00bb transform_scale__hover=\u00a0\u00bb103%|103%\u00a0\u00bb][\/et_pb_image][\/et_pb_column][\/et_pb_row][et_pb_row _builder_version=\u00a0\u00bb4.16&Prime; module_alignment=\u00a0\u00bbcenter\u00a0\u00bb custom_padding=\u00a0\u00bb||30px||false|false\u00a0\u00bb global_colors_info=\u00a0\u00bb{}\u00a0\u00bb][et_pb_column type=\u00a0\u00bb4_4&Prime; _builder_version=\u00a0\u00bb4.16&Prime; global_colors_info=\u00a0\u00bb{}\u00a0\u00bb][et_pb_blurb use_icon=\u00a0\u00bbon\u00a0\u00bb font_icon=\u00a0\u00bb&#xe01d;||divi||400&Prime; icon_color=\u00a0\u00bb#82aa94&Prime; icon_placement=\u00a0\u00bbleft\u00a0\u00bb image_icon_width=\u00a0\u00bb22px\u00a0\u00bb content_max_width=\u00a0\u00bb100%\u00a0\u00bb _builder_version=\u00a0\u00bb4.16&Prime; header_text_align=\u00a0\u00bbleft\u00a0\u00bb body_text_align=\u00a0\u00bbleft\u00a0\u00bb body_link_text_align=\u00a0\u00bbleft\u00a0\u00bb body_ul_text_align=\u00a0\u00bbleft\u00a0\u00bb body_ol_text_align=\u00a0\u00bbleft\u00a0\u00bb body_quote_text_align=\u00a0\u00bbleft\u00a0\u00bb custom_margin=\u00a0\u00bb4px||15px||false|false\u00a0\u00bb header_text_shadow_style=\u00a0\u00bbpreset3&Prime; icon_font_size=\u00a0\u00bb22px\u00a0\u00bb global_colors_info=\u00a0\u00bb{}\u00a0\u00bb]<\/p>\n<p>1er, 4\u00e8me, 5\u00e8me, 6\u00e8me, 7\u00e8me, 8\u00e8me arrondissements<\/p>\n<p>[\/et_pb_blurb][et_pb_blurb use_icon=\u00a0\u00bbon\u00a0\u00bb font_icon=\u00a0\u00bb&#xe0e1;||divi||400&Prime; icon_color=\u00a0\u00bb#82aa94&Prime; icon_placement=\u00a0\u00bbleft\u00a0\u00bb image_icon_width=\u00a0\u00bb22px\u00a0\u00bb content_max_width=\u00a0\u00bb100%\u00a0\u00bb _builder_version=\u00a0\u00bb4.16&Prime; header_text_align=\u00a0\u00bbleft\u00a0\u00bb body_text_align=\u00a0\u00bbleft\u00a0\u00bb body_link_text_align=\u00a0\u00bbleft\u00a0\u00bb body_ul_text_align=\u00a0\u00bbleft\u00a0\u00bb body_ol_text_align=\u00a0\u00bbleft\u00a0\u00bb body_quote_text_align=\u00a0\u00bbleft\u00a0\u00bb custom_margin=\u00a0\u00bb||15px||false|false\u00a0\u00bb header_text_shadow_style=\u00a0\u00bbpreset3&Prime; icon_font_size=\u00a0\u00bb22px\u00a0\u00bb global_colors_info=\u00a0\u00bb{}\u00a0\u00bb]<\/p>\n<p>Dur\u00e9e : 3h<\/p>\n<p>[\/et_pb_blurb][et_pb_blurb use_icon=\u00a0\u00bbon\u00a0\u00bb font_icon=\u00a0\u00bb&#x67;||divi||400&Prime; icon_color=\u00a0\u00bb#82aa94&Prime; icon_placement=\u00a0\u00bbleft\u00a0\u00bb image_icon_width=\u00a0\u00bb22px\u00a0\u00bb content_max_width=\u00a0\u00bb100%\u00a0\u00bb _builder_version=\u00a0\u00bb4.16&Prime; header_text_align=\u00a0\u00bbleft\u00a0\u00bb body_text_align=\u00a0\u00bbleft\u00a0\u00bb body_link_text_align=\u00a0\u00bbleft\u00a0\u00bb body_ul_text_align=\u00a0\u00bbleft\u00a0\u00bb body_ol_text_align=\u00a0\u00bbleft\u00a0\u00bb body_quote_text_align=\u00a0\u00bbleft\u00a0\u00bb custom_margin=\u00a0\u00bb||15px||false|false\u00a0\u00bb header_text_shadow_style=\u00a0\u00bbpreset3&Prime; icon_font_size=\u00a0\u00bb22px\u00a0\u00bb global_colors_info=\u00a0\u00bb{}\u00a0\u00bb]<\/p>\n<p>Difficult\u00e9 : facile<\/p>\n<p>[\/et_pb_blurb][\/et_pb_column][\/et_pb_row][\/et_pb_section][et_pb_section fb_built=\u00a0\u00bb1&Prime; module_id=\u00a0\u00bb#main\u00a0\u00bb _builder_version=\u00a0\u00bb4.16&Prime; background_enable_image=\u00a0\u00bboff\u00a0\u00bb background_size=\u00a0\u00bbcontain\u00a0\u00bb background_repeat=\u00a0\u00bbround\u00a0\u00bb custom_margin=\u00a0\u00bb||||false|false\u00a0\u00bb custom_padding=\u00a0\u00bb40px||||false|false\u00a0\u00bb top_divider_height=\u00a0\u00bb150px\u00a0\u00bb bottom_divider_height=\u00a0\u00bb150px\u00a0\u00bb global_colors_info=\u00a0\u00bb{}\u00a0\u00bb][et_pb_row _builder_version=\u00a0\u00bb4.16&Prime; custom_padding=\u00a0\u00bb0px||0px|||\u00a0\u00bb global_colors_info=\u00a0\u00bb{}\u00a0\u00bb][et_pb_column type=\u00a0\u00bb4_4&Prime; _builder_version=\u00a0\u00bb4.16&Prime; global_colors_info=\u00a0\u00bb{}\u00a0\u00bb][et_pb_text _builder_version=\u00a0\u00bb4.16&Prime; header_2_font=\u00a0\u00bbOswald|600||on|||||\u00a0\u00bb header_2_font_size=\u00a0\u00bb25px\u00a0\u00bb custom_margin=\u00a0\u00bb0px|0px||0px|false|true\u00a0\u00bb global_colors_info=\u00a0\u00bb{}\u00a0\u00bb]<\/p>\n<h2>Tarifs et r\u00e9servations<\/h2>\n<p>[\/et_pb_text][\/et_pb_column][\/et_pb_row][et_pb_row column_structure=\u00a0\u00bb1_3,1_3,1_3&Prime; use_custom_gutter=\u00a0\u00bbon\u00a0\u00bb gutter_width=\u00a0\u00bb2&Prime; _builder_version=\u00a0\u00bb4.16&Prime; custom_padding=\u00a0\u00bb0px||0px|||\u00a0\u00bb global_colors_info=\u00a0\u00bb{}\u00a0\u00bb][et_pb_column type=\u00a0\u00bb1_3&Prime; _builder_version=\u00a0\u00bb4.16&Prime; global_colors_info=\u00a0\u00bb{}\u00a0\u00bb][et_pb_text _builder_version=\u00a0\u00bb4.16&Prime; header_2_font=\u00a0\u00bbOswald|600||on|||||\u00a0\u00bb header_2_font_size=\u00a0\u00bb25px\u00a0\u00bb header_3_text_color=\u00a0\u00bb#777777&Prime; header_3_font_size=\u00a0\u00bb16px\u00a0\u00bb custom_margin=\u00a0\u00bb30px|0px|0px|0px|false|true\u00a0\u00bb global_colors_info=\u00a0\u00bb{}\u00a0\u00bb]<\/p>\n<h3>Visites privatives<\/h3>\n<p>[\/et_pb_text][et_pb_code module_class=\u00a0\u00bbtable-visite\u00a0\u00bb _builder_version=\u00a0\u00bb4.16&Prime; custom_margin=\u00a0\u00bb0px||0px||true|false\u00a0\u00bb global_colors_info=\u00a0\u00bb{}\u00a0\u00bb]<\/p>\n<table class=\"class-a\"><!-- [et_pb_line_break_holder] -->\t<\/p>\n<thead><!-- [et_pb_line_break_holder] -->\t\t<\/p>\n<tr><!-- [et_pb_line_break_holder] -->      <\/p>\n<th><\/th>\n<p><!-- [et_pb_line_break_holder] -->\t\t\t<\/p>\n<th>Tarif<\/th>\n<p><!-- [et_pb_line_break_holder] -->\t\t<\/tr>\n<p>\t<!-- [et_pb_line_break_holder] -->\t<\/thead>\n<p>\t<!-- [et_pb_line_break_holder] -->\t<\/p>\n<tbody>\t<!-- [et_pb_line_break_holder] -->    <!-- [et_pb_line_break_holder] -->\t\t<\/p>\n<tr><!-- [et_pb_line_break_holder] -->\t\t\t<\/p>\n<td class=\"lbar\"><span class=\"info-1 lbar\">De 1 \u00e0 12 participants<\/span><\/td>\n<p><!-- [et_pb_line_break_holder] -->\t\t\t<\/p>\n<td class=\"price-per-person\"><span class=\"info-2\">444 \u20ac<\/span><\/td>\n<p><!-- [et_pb_line_break_holder] -->\t\t<\/tr>\n<p><!-- [et_pb_line_break_holder] --><!-- [et_pb_line_break_holder] -->\t<\/tbody>\n<p><!-- [et_pb_line_break_holder] --><\/table>\n<p>[\/et_pb_code][\/et_pb_column][et_pb_column type=\u00a0\u00bb1_3&Prime; _builder_version=\u00a0\u00bb4.16&Prime; global_colors_info=\u00a0\u00bb{}\u00a0\u00bb][et_pb_text _builder_version=\u00a0\u00bb4.16&Prime; header_2_font=\u00a0\u00bbOswald|600||on|||||\u00a0\u00bb header_2_font_size=\u00a0\u00bb25px\u00a0\u00bb header_3_text_color=\u00a0\u00bb#777777&Prime; header_3_font_size=\u00a0\u00bb16px\u00a0\u00bb custom_margin=\u00a0\u00bb30px|0px|0px|0px|false|true\u00a0\u00bb global_colors_info=\u00a0\u00bb{}\u00a0\u00bb]<\/p>\n<h3>Groupes<\/h3>\n<p>[\/et_pb_text][et_pb_code module_class=\u00a0\u00bbtable-visite\u00a0\u00bb _builder_version=\u00a0\u00bb4.16&Prime; custom_margin=\u00a0\u00bb0px||0px||true|false\u00a0\u00bb global_colors_info=\u00a0\u00bb{}\u00a0\u00bb]<\/p>\n<table class=\"class-a\"><!-- [et_pb_line_break_holder] -->\t<\/p>\n<thead><!-- [et_pb_line_break_holder] -->\t\t<\/p>\n<tr><!-- [et_pb_line_break_holder] -->      <\/p>\n<th><\/th>\n<p><!-- [et_pb_line_break_holder] -->\t\t\t<\/p>\n<th>Tarif<\/th>\n<p><!-- [et_pb_line_break_holder] -->\t\t<\/tr>\n<p>\t<!-- [et_pb_line_break_holder] -->\t<\/thead>\n<p>\t<!-- [et_pb_line_break_holder] -->\t<\/p>\n<tbody>\t<!-- [et_pb_line_break_holder] -->    <!-- [et_pb_line_break_holder] -->\t\t<\/p>\n<tr><!-- [et_pb_line_break_holder] -->\t\t\t<\/p>\n<td class=\"lbar\"><span class=\"info-1 lbar\">Minimum 12 participants<\/span><\/td>\n<p><!-- [et_pb_line_break_holder] -->\t\t\t<\/p>\n<td class=\"price-per-person\"><span class=\"info-2\">37 \u20ac\/pers.<\/span><\/td>\n<p><!-- [et_pb_line_break_holder] -->\t\t<\/tr>\n<p><!-- [et_pb_line_break_holder] --><!-- [et_pb_line_break_holder] -->\t<\/tbody>\n<p><!-- [et_pb_line_break_holder] --><\/table>\n<p>[\/et_pb_code][\/et_pb_column][et_pb_column type=\u00a0\u00bb1_3&Prime; _builder_version=\u00a0\u00bb4.16&Prime; global_colors_info=\u00a0\u00bb{}\u00a0\u00bb][et_pb_text _builder_version=\u00a0\u00bb4.16&Prime; header_2_font=\u00a0\u00bbOswald|600||on|||||\u00a0\u00bb header_2_font_size=\u00a0\u00bb25px\u00a0\u00bb header_3_text_color=\u00a0\u00bb#777777&Prime; header_3_font_size=\u00a0\u00bb16px\u00a0\u00bb custom_margin=\u00a0\u00bb30px|0px|0px|0px|false|true\u00a0\u00bb global_colors_info=\u00a0\u00bb{}\u00a0\u00bb]<\/p>\n<h3>Groupes scolaires<\/h3>\n<p>[\/et_pb_text][et_pb_code module_class=\u00a0\u00bbtable-visite\u00a0\u00bb _builder_version=\u00a0\u00bb4.16&Prime; custom_margin=\u00a0\u00bb0px||0px||true|false\u00a0\u00bb global_colors_info=\u00a0\u00bb{}\u00a0\u00bb]<\/p>\n<table class=\"class-a\"><!-- [et_pb_line_break_holder] -->\t<\/p>\n<thead><!-- [et_pb_line_break_holder] -->\t\t<\/p>\n<tr><!-- [et_pb_line_break_holder] -->      <\/p>\n<th><\/th>\n<p><!-- [et_pb_line_break_holder] -->\t\t\t<\/p>\n<th>Tarif<\/th>\n<p><!-- [et_pb_line_break_holder] -->\t\t<\/tr>\n<p>\t<!-- [et_pb_line_break_holder] -->\t<\/thead>\n<p>\t<!-- [et_pb_line_break_holder] -->\t<\/p>\n<tbody>\t<!-- [et_pb_line_break_holder] -->    <!-- [et_pb_line_break_holder] -->\t\t<\/p>\n<tr><!-- [et_pb_line_break_holder] -->\t\t\t<\/p>\n<td class=\"lbar\"><span class=\"info-1 lbar\">Minimum 12 participants<\/span><\/td>\n<p><!-- [et_pb_line_break_holder] -->\t\t\t<\/p>\n<td class=\"price-per-person\"><span class=\"info-2\">31 \u20ac\/pers.<\/span><\/td>\n<p><!-- [et_pb_line_break_holder] -->\t\t<\/tr>\n<p><!-- [et_pb_line_break_holder] --><!-- [et_pb_line_break_holder] -->\t<\/tbody>\n<p><!-- [et_pb_line_break_holder] --><\/table>\n<p>[\/et_pb_code][\/et_pb_column][\/et_pb_row][et_pb_row _builder_version=\u00a0\u00bb4.16&Prime; custom_padding=\u00a0\u00bb0px||3px|||\u00a0\u00bb global_colors_info=\u00a0\u00bb{}\u00a0\u00bb][et_pb_column type=\u00a0\u00bb4_4&Prime; _builder_version=\u00a0\u00bb4.16&Prime; global_colors_info=\u00a0\u00bb{}\u00a0\u00bb][et_pb_text _builder_version=\u00a0\u00bb4.16&Prime; text_font_size=\u00a0\u00bb13px\u00a0\u00bb header_3_font_size=\u00a0\u00bb16px\u00a0\u00bb global_colors_info=\u00a0\u00bb{}\u00a0\u00bb]<\/p>\n<p style=\"text-align: left;\"><em>Le prix comprend : le v\u00e9lo, la prestation du guide et l&rsquo;assurance.<br \/> Suppl\u00e9ment si\u00e8ge enfant (jusqu&rsquo;\u00e0 environ 4\/5 ans) : 10 \u20ac<br \/> Suppl\u00e9ment V\u00e9lo \u00e0 assistance \u00e9lectrique : 15 \u20ac<br \/> Enfants &#8211; de 12 ans : \u00e0 partir de 1,30\/35 m<br \/> Tarif \u00ab\u00a0groupe scolaire\u00a0\u00bb applicable hors weekends et jours f\u00e9ri\u00e9s.<br \/> <\/em><\/p>\n<p>[\/et_pb_text][\/et_pb_column][\/et_pb_row][\/et_pb_section][et_pb_section fb_built=\u00a0\u00bb1&Prime; module_id=\u00a0\u00bb#main\u00a0\u00bb _builder_version=\u00a0\u00bb4.16&Prime; background_enable_image=\u00a0\u00bboff\u00a0\u00bb background_size=\u00a0\u00bbcontain\u00a0\u00bb background_repeat=\u00a0\u00bbround\u00a0\u00bb custom_margin=\u00a0\u00bb||||false|false\u00a0\u00bb custom_padding=\u00a0\u00bb30px||91px||false|false\u00a0\u00bb top_divider_height=\u00a0\u00bb150px\u00a0\u00bb bottom_divider_height=\u00a0\u00bb150px\u00a0\u00bb global_colors_info=\u00a0\u00bb{}\u00a0\u00bb][et_pb_row _builder_version=\u00a0\u00bb4.16&Prime; custom_margin=\u00a0\u00bb|auto|-34px|auto||\u00a0\u00bb custom_padding=\u00a0\u00bb0px||0px|||\u00a0\u00bb global_colors_info=\u00a0\u00bb{}\u00a0\u00bb][et_pb_column type=\u00a0\u00bb4_4&Prime; _builder_version=\u00a0\u00bb4.16&Prime; global_colors_info=\u00a0\u00bb{}\u00a0\u00bb][et_pb_text _builder_version=\u00a0\u00bb4.16&Prime; header_2_font=\u00a0\u00bbOswald|600||on|||||\u00a0\u00bb header_2_font_size=\u00a0\u00bb25px\u00a0\u00bb header_2_line_height=\u00a0\u00bb1.6em\u00a0\u00bb custom_margin=\u00a0\u00bb0px|0px||0px|false|true\u00a0\u00bb custom_padding=\u00a0\u00bb10px|0px|10px|0px|true|true\u00a0\u00bb global_colors_info=\u00a0\u00bb{}\u00a0\u00bb]<\/p>\n<h2>Informations importantes<\/h2>\n<p><strong>R\u00e9servation indispensable.<br \/> <\/strong><span>Visite en fran\u00e7ais ou en anglais. N\u00e9erlandais, allemand ou espagnol sur demande.<br \/> Les d\u00e9parts et retours des visites s\u2019effectuent au 22 rue Alphonse Baudin, Paris 11e (M\u00b0 Richard Lenoir ou Saint S\u00e9bastien Froissart).<\/span><\/p>\n<p>[\/et_pb_text][et_pb_text _builder_version=\u00a0\u00bb4.27.4&Prime; header_2_font=\u00a0\u00bbOswald|600||on|||||\u00a0\u00bb header_2_font_size=\u00a0\u00bb25px\u00a0\u00bb header_2_line_height=\u00a0\u00bb1.6em\u00a0\u00bb custom_margin=\u00a0\u00bb0px|0px||0px|false|true\u00a0\u00bb custom_padding=\u00a0\u00bb10px|0px|10px|0px|true|true\u00a0\u00bb global_colors_info=\u00a0\u00bb{}\u00a0\u00bb]<\/p>\n<h2>r\u00e9servation visites privatives\/groupes<\/h2>\n<p>\u00a0Pour toute r\u00e9servation <strong>moins de 10 jours avant la date de visite souhait\u00e9e<\/strong> ou pour <strong>toute demande sp\u00e9cifique,<\/strong> ou pour des <strong>groupes de plus de 15 participants<\/strong> nous vous invitons \u00e0 nous contacter directement.<\/p>\n<p>[\/et_pb_text][et_pb_code _builder_version=\u00a0\u00bb4.27.4&Prime; _module_preset=\u00a0\u00bbdefault\u00a0\u00bb global_colors_info=\u00a0\u00bb{}\u00a0\u00bb]<\/p>\n<div id=\"ConstellationCalendarContainer653485c5-3e0b-453c-a027-6b76c8a42ff3\" style=\"width:100%; text-align:center;\" title=\"Paris \u00e0 V\u00e9lo\" data-id-projet='653485c53e0b453ca0276b76c8a42ff3'>Chargement en cours&#8230;<\/div>\n<p><script type=\"text\/javascript\" src=\"https:\/\/reservation.elloha.com\/Scripts\/widget-loader.min.js?v=42\"><\/script><script type=\"text\/javascript\">var constellationWidgetUrl653485c53e0b453ca0276b76c8a42ff3, constellationTypeModule653485c53e0b453ca0276b76c8a42ff3; constellationWidgetUrl653485c53e0b453ca0276b76c8a42ff3 = 'https:\/\/reservation.elloha.com\/Widget\/BookingCalendar\/653485c5-3e0b-453c-a027-6b76c8a42ff3?idoi=0f860a57-8322-4c4a-b5c4-3845032111d8'; constellationTypeModule653485c53e0b453ca0276b76c8a42ff3=2; constellationBookingCalendarLoad('ConstellationCalendarContainer653485c5-3e0b-453c-a027-6b76c8a42ff3'); constellationWidgetAddEvent(window, \"resize\", function () { constellationWidgetSetAppearance('ConstellationCalendarContainer653485c5-3e0b-453c-a027-6b76c8a42ff3'); });<\/script>[\/et_pb_code][\/et_pb_column][\/et_pb_row][\/et_pb_section][et_pb_section fb_built=\u00a0\u00bb1&Prime; _builder_version=\u00a0\u00bb4.16&Prime; custom_padding=\u00a0\u00bb0px||0px||true|false\u00a0\u00bb custom_css_main_element=\u00a0\u00bbdisplay: flex;||flex-direction: column;\u00a0\u00bb border_width_top=\u00a0\u00bb1px\u00a0\u00bb border_color_top=\u00a0\u00bb#e5e5e5&Prime; border_width_bottom=\u00a0\u00bb1px\u00a0\u00bb border_color_bottom=\u00a0\u00bb#e5e5e5&Prime; global_module=\u00a0\u00bb492&Prime; saved_tabs=\u00a0\u00bball\u00a0\u00bb global_colors_info=\u00a0\u00bb{}\u00a0\u00bb][et_pb_row _builder_version=\u00a0\u00bb4.16&Prime; _module_preset=\u00a0\u00bbdefault\u00a0\u00bb global_colors_info=\u00a0\u00bb{}\u00a0\u00bb][et_pb_column type=\u00a0\u00bb4_4&Prime; _builder_version=\u00a0\u00bb4.16&Prime; _module_preset=\u00a0\u00bbdefault\u00a0\u00bb global_colors_info=\u00a0\u00bb{}\u00a0\u00bb][et_pb_code admin_label=\u00a0\u00bbCode\u00a0\u00bb _builder_version=\u00a0\u00bb4.16&Prime; _module_preset=\u00a0\u00bbdefault\u00a0\u00bb global_colors_info=\u00a0\u00bb{}\u00a0\u00bb][\/et_pb_code][\/et_pb_column][\/et_pb_row][\/et_pb_section]<\/p>\n","protected":false},"excerpt":{"rendered":"<p>(Re)d\u00e9couvrir ParisParis mythiqueParis Mythique : roulez au c\u0153ur de la l\u00e9gende D\u00e9couvrez le Paris des cartes postales\u2026 en version immersive ! Cette balade \u00e0 v\u00e9lo vous emm\u00e8ne sur les traces des monuments les plus c\u00e9l\u00e8bres de la capitale, l\u00e0 o\u00f9 chaque rue raconte une histoire, chaque place a vu d\u00e9filer les si\u00e8cles et chaque panorama [&hellip;]<\/p>\n","protected":false},"author":1,"featured_media":0,"parent":0,"menu_order":0,"comment_status":"closed","ping_status":"closed","template":"","meta":{"_et_pb_use_builder":"on","_et_pb_old_content":"","_et_gb_content_width":"","_monsterinsights_skip_tracking":false,"_monsterinsights_sitenote_active":false,"_monsterinsights_sitenote_note":"","_monsterinsights_sitenote_category":0,"footnotes":""},"class_list":["post-1482","page","type-page","status-publish","hentry"],"yoast_head":"<!-- This site is optimized with the Yoast SEO plugin v26.5 - https:\/\/yoast.com\/wordpress\/plugins\/seo\/ -->\n<title>Visite guid\u00e9e \u00e0 v\u00e9lo \u00e0 Paris le long de la Seine | Paris \u00e0 v\u00e9lo<\/title>\n<meta name=\"description\" content=\"Visite guid\u00e9e \u00e0 v\u00e9lo le long de la seine, d\u00e9couvrez les monuments et ponts embl\u00e9matiques de Paris, de la place des vosges \u00e0 la l&#039;unique Tour eiffel.\" \/>\n<meta name=\"robots\" content=\"index, follow, max-snippet:-1, max-image-preview:large, max-video-preview:-1\" \/>\n<link rel=\"canonical\" href=\"https:\/\/parisavelo.fr\/en\/guided-tour-on-bike-mythical-paris\/\" \/>\n<meta property=\"og:locale\" content=\"en_GB\" \/>\n<meta property=\"og:type\" content=\"article\" \/>\n<meta property=\"og:title\" content=\"Visite guid\u00e9e \u00e0 v\u00e9lo \u00e0 Paris le long de la Seine | Paris \u00e0 v\u00e9lo\" \/>\n<meta property=\"og:description\" content=\"Visite guid\u00e9e \u00e0 v\u00e9lo le long de la seine, d\u00e9couvrez les monuments et ponts embl\u00e9matiques de Paris, de la place des vosges \u00e0 la l&#039;unique Tour eiffel.\" \/>\n<meta property=\"og:url\" content=\"https:\/\/parisavelo.fr\/en\/guided-tour-on-bike-mythical-paris\/\" \/>\n<meta property=\"og:site_name\" content=\"Paris \u00e0 V\u00e9lo\" \/>\n<meta property=\"article:publisher\" content=\"https:\/\/www.facebook.com\/parisavelo\/\" \/>\n<meta property=\"article:modified_time\" content=\"2025-03-20T11:52:48+00:00\" \/>\n<meta property=\"og:image\" content=\"https:\/\/parisavelo.fr\/wp-content\/uploads\/2020\/03\/ParisAvelo-logo9-decli-01.png\" \/>\n\t<meta property=\"og:image:width\" content=\"1064\" \/>\n\t<meta property=\"og:image:height\" content=\"1064\" \/>\n\t<meta property=\"og:image:type\" content=\"image\/png\" \/>\n<meta name=\"twitter:card\" content=\"summary_large_image\" \/>\n<meta name=\"twitter:site\" content=\"@Parisvelosympa\" \/>\n<meta name=\"twitter:label1\" content=\"Estimated reading time\" \/>\n\t<meta name=\"twitter:data1\" content=\"3 minutes\" \/>\n<script type=\"application\/ld+json\" class=\"yoast-schema-graph\">{\"@context\":\"https:\/\/schema.org\",\"@graph\":[{\"@type\":\"WebPage\",\"@id\":\"https:\/\/parisavelo.fr\/visite-guidee-velo-paris-mythique\/\",\"url\":\"https:\/\/parisavelo.fr\/visite-guidee-velo-paris-mythique\/\",\"name\":\"Visite guid\u00e9e \u00e0 v\u00e9lo \u00e0 Paris le long de la Seine | Paris \u00e0 v\u00e9lo\",\"isPartOf\":{\"@id\":\"https:\/\/parisavelo.fr\/#website\"},\"datePublished\":\"2020-02-13T15:18:51+00:00\",\"dateModified\":\"2025-03-20T11:52:48+00:00\",\"description\":\"Visite guid\u00e9e \u00e0 v\u00e9lo le long de la seine, d\u00e9couvrez les monuments et ponts embl\u00e9matiques de Paris, de la place des vosges \u00e0 la l'unique Tour eiffel.\",\"breadcrumb\":{\"@id\":\"https:\/\/parisavelo.fr\/visite-guidee-velo-paris-mythique\/#breadcrumb\"},\"inLanguage\":\"en-GB\",\"potentialAction\":[{\"@type\":\"ReadAction\",\"target\":[\"https:\/\/parisavelo.fr\/visite-guidee-velo-paris-mythique\/\"]}]},{\"@type\":\"BreadcrumbList\",\"@id\":\"https:\/\/parisavelo.fr\/visite-guidee-velo-paris-mythique\/#breadcrumb\",\"itemListElement\":[{\"@type\":\"ListItem\",\"position\":1,\"name\":\"Home\",\"item\":\"https:\/\/parisavelo.fr\/\"},{\"@type\":\"ListItem\",\"position\":2,\"name\":\"Paris mythique\"}]},{\"@type\":\"WebSite\",\"@id\":\"https:\/\/parisavelo.fr\/#website\",\"url\":\"https:\/\/parisavelo.fr\/\",\"name\":\"Paris \u00e0 V\u00e9lo\",\"description\":\"Le v\u00e9lo \u00e0 Paris, la libert\u00e9\",\"publisher\":{\"@id\":\"https:\/\/parisavelo.fr\/#organization\"},\"potentialAction\":[{\"@type\":\"SearchAction\",\"target\":{\"@type\":\"EntryPoint\",\"urlTemplate\":\"https:\/\/parisavelo.fr\/?s={search_term_string}\"},\"query-input\":{\"@type\":\"PropertyValueSpecification\",\"valueRequired\":true,\"valueName\":\"search_term_string\"}}],\"inLanguage\":\"en-GB\"},{\"@type\":\"Organization\",\"@id\":\"https:\/\/parisavelo.fr\/#organization\",\"name\":\"Paris \u00e0 V\u00e9lo\",\"url\":\"https:\/\/parisavelo.fr\/\",\"logo\":{\"@type\":\"ImageObject\",\"inLanguage\":\"en-GB\",\"@id\":\"https:\/\/parisavelo.fr\/#\/schema\/logo\/image\/\",\"url\":\"https:\/\/parisavelo.fr\/wp-content\/uploads\/2020\/03\/ParisAvelo-logo9-decli-01.png\",\"contentUrl\":\"https:\/\/parisavelo.fr\/wp-content\/uploads\/2020\/03\/ParisAvelo-logo9-decli-01.png\",\"width\":1064,\"height\":1064,\"caption\":\"Paris \u00e0 V\u00e9lo\"},\"image\":{\"@id\":\"https:\/\/parisavelo.fr\/#\/schema\/logo\/image\/\"},\"sameAs\":[\"https:\/\/www.facebook.com\/parisavelo\/\",\"https:\/\/x.com\/Parisvelosympa\",\"https:\/\/www.instagram.com\/parisavelo_officiel\",\"https:\/\/www.linkedin.com\/company\/parisavelo\/\",\"https:\/\/www.pinterest.fr\/parisavelo\/\",\"https:\/\/www.youtube.com\/channel\/UCO5cKd2Zqyl2N8ptTHYAODw\"]}]}<\/script>\n<!-- \/ Yoast SEO plugin. -->","yoast_head_json":{"title":"guided tour on bike along the Seine river | Paris by bike","description":"Guided bike tour along the Seine, discover the emblematic monuments and bridges of Paris, from Place des Vosges to the unique Eiffel Tower.","robots":{"index":"index","follow":"follow","max-snippet":"max-snippet:-1","max-image-preview":"max-image-preview:large","max-video-preview":"max-video-preview:-1"},"canonical":"https:\/\/parisavelo.fr\/en\/guided-tour-on-bike-mythical-paris\/","og_locale":"en_GB","og_type":"article","og_title":"Visite guid\u00e9e \u00e0 v\u00e9lo \u00e0 Paris le long de la Seine | Paris \u00e0 v\u00e9lo","og_description":"Visite guid\u00e9e \u00e0 v\u00e9lo le long de la seine, d\u00e9couvrez les monuments et ponts embl\u00e9matiques de Paris, de la place des vosges \u00e0 la l'unique Tour eiffel.","og_url":"https:\/\/parisavelo.fr\/en\/guided-tour-on-bike-mythical-paris\/","og_site_name":"Paris \u00e0 V\u00e9lo","article_publisher":"https:\/\/www.facebook.com\/parisavelo\/","article_modified_time":"2025-03-20T11:52:48+00:00","og_image":[{"width":1064,"height":1064,"url":"https:\/\/parisavelo.fr\/wp-content\/uploads\/2020\/03\/ParisAvelo-logo9-decli-01.png","type":"image\/png"}],"twitter_card":"summary_large_image","twitter_site":"@Parisvelosympa","twitter_misc":{"Estimated reading time":"3 minutes"},"schema":{"@context":"https:\/\/schema.org","@graph":[{"@type":"WebPage","@id":"https:\/\/parisavelo.fr\/visite-guidee-velo-paris-mythique\/","url":"https:\/\/parisavelo.fr\/visite-guidee-velo-paris-mythique\/","name":"guided tour on bike along the Seine river | Paris by bike","isPartOf":{"@id":"https:\/\/parisavelo.fr\/#website"},"datePublished":"2020-02-13T15:18:51+00:00","dateModified":"2025-03-20T11:52:48+00:00","description":"Guided bike tour along the Seine, discover the emblematic monuments and bridges of Paris, from Place des Vosges to the unique Eiffel Tower.","breadcrumb":{"@id":"https:\/\/parisavelo.fr\/visite-guidee-velo-paris-mythique\/#breadcrumb"},"inLanguage":"en-GB","potentialAction":[{"@type":"ReadAction","target":["https:\/\/parisavelo.fr\/visite-guidee-velo-paris-mythique\/"]}]},{"@type":"BreadcrumbList","@id":"https:\/\/parisavelo.fr\/visite-guidee-velo-paris-mythique\/#breadcrumb","itemListElement":[{"@type":"ListItem","position":1,"name":"Home","item":"https:\/\/parisavelo.fr\/"},{"@type":"ListItem","position":2,"name":"Paris mythique"}]},{"@type":"WebSite","@id":"https:\/\/parisavelo.fr\/#website","url":"https:\/\/parisavelo.fr\/","name":"Paris \u00e0 V\u00e9lo","description":"The freedom of cycling in Paris","publisher":{"@id":"https:\/\/parisavelo.fr\/#organization"},"potentialAction":[{"@type":"SearchAction","target":{"@type":"EntryPoint","urlTemplate":"https:\/\/parisavelo.fr\/?s={search_term_string}"},"query-input":{"@type":"PropertyValueSpecification","valueRequired":true,"valueName":"search_term_string"}}],"inLanguage":"en-GB"},{"@type":"Organization","@id":"https:\/\/parisavelo.fr\/#organization","name":"Paris \u00e0 V\u00e9lo","url":"https:\/\/parisavelo.fr\/","logo":{"@type":"ImageObject","inLanguage":"en-GB","@id":"https:\/\/parisavelo.fr\/#\/schema\/logo\/image\/","url":"https:\/\/parisavelo.fr\/wp-content\/uploads\/2020\/03\/ParisAvelo-logo9-decli-01.png","contentUrl":"https:\/\/parisavelo.fr\/wp-content\/uploads\/2020\/03\/ParisAvelo-logo9-decli-01.png","width":1064,"height":1064,"caption":"Paris \u00e0 V\u00e9lo"},"image":{"@id":"https:\/\/parisavelo.fr\/#\/schema\/logo\/image\/"},"sameAs":["https:\/\/www.facebook.com\/parisavelo\/","https:\/\/x.com\/Parisvelosympa","https:\/\/www.instagram.com\/parisavelo_officiel","https:\/\/www.linkedin.com\/company\/parisavelo\/","https:\/\/www.pinterest.fr\/parisavelo\/","https:\/\/www.youtube.com\/channel\/UCO5cKd2Zqyl2N8ptTHYAODw"]}]}},"_links":{"self":[{"href":"https:\/\/parisavelo.fr\/en\/wp-json\/wp\/v2\/pages\/1482","targetHints":{"allow":["GET"]}}],"collection":[{"href":"https:\/\/parisavelo.fr\/en\/wp-json\/wp\/v2\/pages"}],"about":[{"href":"https:\/\/parisavelo.fr\/en\/wp-json\/wp\/v2\/types\/page"}],"author":[{"embeddable":true,"href":"https:\/\/parisavelo.fr\/en\/wp-json\/wp\/v2\/users\/1"}],"replies":[{"embeddable":true,"href":"https:\/\/parisavelo.fr\/en\/wp-json\/wp\/v2\/comments?post=1482"}],"version-history":[{"count":82,"href":"https:\/\/parisavelo.fr\/en\/wp-json\/wp\/v2\/pages\/1482\/revisions"}],"predecessor-version":[{"id":3492,"href":"https:\/\/parisavelo.fr\/en\/wp-json\/wp\/v2\/pages\/1482\/revisions\/3492"}],"wp:attachment":[{"href":"https:\/\/parisavelo.fr\/en\/wp-json\/wp\/v2\/media?parent=1482"}],"curies":[{"name":"wp","href":"https:\/\/api.w.org\/{rel}","templated":true}]}}